{"id":2,"date":"2021-07-19T18:06:30","date_gmt":"2021-07-19T18:06:30","guid":{"rendered":"https:\/\/d-themes.com\/wordpress\/udesign\/dummy\/corporate\/?page_id=2"},"modified":"2026-01-28T09:33:04","modified_gmt":"2026-01-28T08:33:04","slug":"home-2","status":"publish","type":"page","link":"https:\/\/coercan.net\/","title":{"rendered":"Home"},"content":{"rendered":"\t\t<div data-elementor-type=\"wp-page\" data-elementor-id=\"2\" class=\"elementor elementor-2\">\n\t\t\t\t\t\t<div class=\" elementor-section elementor-top-section elementor-element elementor-element-bfa4ded elementor-section-full_width elementor-section-height-default elementor-section-height-default smart-sticky-default\" data-id=\"bfa4ded\" data-element_type=\"section\" data-settings=\"{&quot;background_background&quot;:&quot;classic&quot;}\">\r\n\t\t\t\t\t\t\t\t<div class=\"elementor-container elementor-column-gap-no\">\r\n\t\t\t\t\r\n\t\t\t\t\t\t\t\t<div class=\" elementor-column elementor-col-100 elementor-top-column elementor-element elementor-element-d77c65e \" data-id=\"d77c65e\" data-element_type=\"column\">\r\n\r\n\t\t\t\t\r\n\t\t\t\t<div class=\"elementor-widget-wrap elementor-element-populated\">\r\n\t\t\t\t\t\t\t\t\t\t\r\n\t\t\t\t\t\t<div class=\"elementor-element elementor-element-c9307f8 elementor-widget elementor-widget-udesign_widget_banner\" data-id=\"c9307f8\" data-element_type=\"widget\" data-settings=\"{&quot;_content_animation&quot;:&quot;none&quot;}\" data-widget_type=\"udesign_widget_banner.default\">\r\n\t\t\t\t<div class=\"elementor-widget-container\">\n\t\t\t\t\t<div class=\"banner banner-fixed\">\t<figure class=\"banner-img\">\r\n\t\t<img fetchpriority=\"high\" decoding=\"async\" width=\"2117\" height=\"1134\" src=\"https:\/\/coercan.net\/wp-content\/uploads\/2022\/11\/fondobanner3.jpg\" class=\"attachment-full size-full\" alt=\"\" style=\"background-color:#4E4F4A\" srcset=\"https:\/\/coercan.net\/wp-content\/uploads\/2022\/11\/fondobanner3.jpg 2117w, https:\/\/coercan.net\/wp-content\/uploads\/2022\/11\/fondobanner3-1024x549.jpg 1024w, https:\/\/coercan.net\/wp-content\/uploads\/2022\/11\/fondobanner3-1536x823.jpg 1536w, https:\/\/coercan.net\/wp-content\/uploads\/2022\/11\/fondobanner3-2048x1097.jpg 2048w\" sizes=\"(max-width: 2117px) 100vw, 2117px\" \/>\t<\/figure>\r\n\t<div class=\"banner-content t-m\"><h5 class=\"banner-item elementor-repeater-item-d3046cc appear-animate item-block text\" data-settings='{&quot;_animation&quot;:&quot;fadeInLeftShorter&quot;,&quot;_animation_delay&quot;:0}'>COERCAN<\/h5><h2 class=\"banner-item elementor-repeater-item-ac31ad6 custom-join-info appear-animate item-block text\" data-settings='{&quot;_animation&quot;:&quot;fadeInLeft&quot;,&quot;_animation_delay&quot;:0}'>Federaci\u00f3n del <\/h2><h2 class=\"banner-item elementor-repeater-item-a74f03e appear-animate item-block text\" data-settings='{&quot;_animation&quot;:&quot;fadeInUpShorter&quot;,&quot;_animation_delay&quot;:0}'><span class=\"text-primary font-weight-bold\">Comercio<\/span> de Cantabria<\/h2><p class=\"banner-item elementor-repeater-item-a963158 appear-animate item-block text\" data-settings='{&quot;_animation&quot;:&quot;fadeInUpShorter&quot;,&quot;_animation_delay&quot;:0}'>La patronal del sector en la regi\u00f3n<\/p><a class=\"banner-item elementor-repeater-item-d101755 appear-animate item-inline  btn btn-shadow btn-rounded btn-primary btn-icon btn-icon-right\" href=\"https:\/\/coercan.net\/?page_id=67\" aria-label=\"Banner Image\"  data-settings='{&quot;_animation&quot;:&quot;fadeInUpShorter&quot;,&quot;_animation_delay&quot;:0}'><span >con\u00f3cenos<\/span><i class=\"a-icon-long-arrow-right\"><\/i><\/a><\/div><\/div>\t\t\t\t<\/div>\n\t\t\t\t<\/div>\n\t\t\t\t\t\t<\/div>\r\n\t\t\t\t<\/div>\r\n\t\t\t\t\t\t\t\t<\/div>\r\n\t\t\t<\/div>\r\n\t\t\t\t\t<div class=\" elementor-section elementor-top-section elementor-element elementor-element-31af8ab custom-icon-boxes elementor-section-boxed elementor-section-height-default elementor-section-height-default smart-sticky-default elementor-invisible\" data-id=\"31af8ab\" data-element_type=\"section\" data-settings=\"{&quot;animation&quot;:&quot;fadeIn&quot;}\">\r\n\t\t\t\t\t\t\t\t<div class=\"elementor-container elementor-column-gap-default\">\r\n\t\t\t\t\r\n\t\t\t\t\t\t\t<!-- Start .elementor-column -->\r\n\t\t\t<div class=\" elementor-column elementor-col-100 elementor-top-column elementor-element elementor-element-ea933ce custom-slider \" data-id=\"ea933ce\" data-element_type=\"column\">\r\n\t\t\t\t\t\t\t\t<!-- Start .elementor-column-wrap(optimize mode => .elementor-widget-wrap) -->\r\n\t\t\t\t<div class=\"elementor-widget-wrap elementor-element-populated\">\r\n\t\t\t\t\t\t\t\t\t\t\t\t\t<!-- Start .slider-container  -->\r\n\t\t\t\t\t<div class=\"w-100\">\r\n\t\t\t\t\t\t\t\t\t\t<!-- Start .slider-wrapper -->\r\n\t\t\t\t\t<div class=\" row cols-lg-3 cols-md-2 cols-sm-2 cols-1  slider-wrapper\" data-slider-options=\"{&quot;spaceBetween&quot;:30,&quot;pagination&quot;:true,&quot;effect&quot;:&quot;slide&quot;,&quot;slidesPerView&quot;:3,&quot;breakpoints&quot;:{&quot;2401&quot;:{&quot;slidesPerView&quot;:3},&quot;1367&quot;:{&quot;slidesPerView&quot;:3},&quot;1201&quot;:{&quot;slidesPerView&quot;:3},&quot;992&quot;:{&quot;slidesPerView&quot;:3},&quot;768&quot;:{&quot;slidesPerView&quot;:2},&quot;576&quot;:{&quot;slidesPerView&quot;:2},&quot;0&quot;:{&quot;slidesPerView&quot;:1}},&quot;statusClass&quot;:&quot;slider-dots-dark slider-shadow slider-overflow-hidden&quot;}\">\r\n\t\t\t\t\t\t<div class=\"elementor-element elementor-element-7629d95 cs-icon-box elementor-invisible elementor-widget elementor-widget-udesign_widget_iconbox\" data-id=\"7629d95\" data-element_type=\"widget\" data-settings=\"{&quot;_animation&quot;:&quot;fadeInUpShorter&quot;}\" data-widget_type=\"udesign_widget_iconbox.default\">\n\t\t\t\t<div class=\"elementor-widget-container\">\n\t\t\t\t\t<div class=\"icon-box position-top icon-default\"><div class=\"icon-box-feature\"><i class=\"  u-icon-startup3\"><\/i><\/div><div class=\"icon-box-content\"><h3 class=\"icon-box-title\">Asesoramiento<\/h3><p class=\"icon-box-desc\">En la Federaci\u00f3n aclararemos todas tus consultas y dudas sobre cualquier tema que afecte al funcionamiento de tu negocio.<\/p><\/div><\/div>\t\t\t\t<\/div>\n\t\t\t\t<\/div>\n\t\t\t\t<div class=\"elementor-element elementor-element-7fdd7d5 cs-icon-box elementor-invisible elementor-widget elementor-widget-udesign_widget_iconbox\" data-id=\"7fdd7d5\" data-element_type=\"widget\" data-settings=\"{&quot;_animation&quot;:&quot;fadeInUpShorter&quot;}\" data-widget_type=\"udesign_widget_iconbox.default\">\n\t\t\t\t<div class=\"elementor-widget-container\">\n\t\t\t\t\t<div class=\"icon-box position-top icon-default\"><div class=\"icon-box-feature\"><i class=\"  u-icon-sale2\"><\/i><\/div><div class=\"icon-box-content\"><h3 class=\"icon-box-title\">Campa\u00f1as de animaci\u00f3n<\/h3><p class=\"icon-box-desc\">Las campa\u00f1as organizadas por COERCAN contribuyen a potenciar el comercio local y aumentan la visibilidad de tu negocio\n\n<\/p><\/div><\/div>\t\t\t\t<\/div>\n\t\t\t\t<\/div>\n\t\t\t\t<div class=\"elementor-element elementor-element-0d35837 cs-icon-box elementor-invisible elementor-widget elementor-widget-udesign_widget_iconbox\" data-id=\"0d35837\" data-element_type=\"widget\" data-settings=\"{&quot;_animation&quot;:&quot;fadeInUpShorter&quot;}\" data-widget_type=\"udesign_widget_iconbox.default\">\n\t\t\t\t<div class=\"elementor-widget-container\">\n\t\t\t\t\t<div class=\"icon-box position-top icon-default\"><div class=\"icon-box-feature\"><i class=\"  u-icon-education\"><\/i><\/div><div class=\"icon-box-content\"><h3 class=\"icon-box-title\">Formaci\u00f3n<\/h3><p class=\"icon-box-desc\">\nTratamos de responder a las necesidades formativas de nuestros asociados con cursos y talleres espec\u00edficos del secor<\/p><\/div><\/div>\t\t\t\t<\/div>\n\t\t\t\t<\/div>\n\t\t\t\t\t\t\t<\/div><!-- End .slider-wrapper -->\r\n\t\t\t\t\t<\/div><!-- End .slider-container -->\r\n\t\t\t\t\t\r\n\t\t\t\t\t\t\t\t<\/div> <!-- End optimize => .elementor-widget-wrap -->\r\n\t\t\t\t<\/div>\r\n\t\t\t\t<!-- End .elementor-column -->\r\n\t\t\t\t\t\t\t\t<\/div>\r\n\t\t\t<\/div>\r\n\t\t\t\t\t<section class=\" elementor-section elementor-top-section elementor-element elementor-element-84b3ad8 elementor-section-boxed elementor-section-height-default elementor-section-height-default smart-sticky-default\" data-id=\"84b3ad8\" data-element_type=\"section\">\r\n\t\t\t\t\t\t\t\t<div class=\"elementor-container elementor-column-gap-default\">\r\n\t\t\t\t\r\n\t\t\t\t\t\t\t\t<div class=\" elementor-column elementor-col-100 elementor-top-column elementor-element elementor-element-d50a254 \" data-id=\"d50a254\" data-element_type=\"column\">\r\n\r\n\t\t\t\t\r\n\t\t\t\t<div class=\"elementor-widget-wrap elementor-element-populated\">\r\n\t\t\t\t\t\t\t\t\t\t\r\n\t\t\t\t\t\t<section class=\" elementor-section elementor-inner-section elementor-element elementor-element-14e3088 elementor-section-boxed elementor-section-height-default elementor-section-height-default smart-sticky-default\" data-id=\"14e3088\" data-element_type=\"section\">\r\n\t\t\t\t\t\t\t\t<div class=\"elementor-container elementor-column-gap-default\">\r\n\t\t\t\t\r\n\t\t\t\t\t\t\t\t<div class=\" elementor-column elementor-col-50 elementor-inner-column elementor-element elementor-element-e2c31f3 \" data-id=\"e2c31f3\" data-element_type=\"column\">\r\n\r\n\t\t\t\t\r\n\t\t\t\t<div class=\"elementor-widget-wrap elementor-element-populated\">\r\n\t\t\t\t\t\t\t\t\t\t\r\n\t\t\t\t\t\t<div class=\"elementor-element elementor-element-03dd086 elementor-widget elementor-widget-heading\" data-id=\"03dd086\" data-element_type=\"widget\" data-widget_type=\"heading.default\">\n\t\t\t\t<div class=\"elementor-widget-container\">\n\t\t\t\t\t<h2 class=\"elementor-heading-title elementor-size-default\">Tu D\u00eda de Suerte en Santo\u00f1a<\/h2>\t\t\t\t<\/div>\n\t\t\t\t<\/div>\n\t\t\t\t<div class=\"elementor-element elementor-element-7cd5c89 elementor-widget elementor-widget-text-editor\" data-id=\"7cd5c89\" data-element_type=\"widget\" data-widget_type=\"text-editor.default\">\n\t\t\t\t<div class=\"elementor-widget-container\">\n\t\t\t\t\t\t\t\t\t<p>COERCAN pone en marcha la campa\u00f1a de animaci\u00f3n comercial \u00abTu D\u00eda de Suerte en Santo\u00f1a\u00bb, que repartir\u00e1 1.800 euros en premios entre los clientes de los comercios asociados de Santo\u00f1a participantes\u00a0 en la promoci\u00f3n. \u00a1Haz tus compras en Santo\u00f1a del 26 de enero al 10 de febrero y participa en el sorteo!<\/p>\t\t\t\t\t\t\t\t<\/div>\n\t\t\t\t<\/div>\n\t\t\t\t<div class=\"elementor-element elementor-element-47c54cb elementor-widget elementor-widget-udesign_widget_button\" data-id=\"47c54cb\" data-element_type=\"widget\" data-widget_type=\"udesign_widget_button.default\">\n\t\t\t\t<div class=\"elementor-widget-container\">\n\t\t\t\t\t<a class=\"btn btn-rounded btn-primary btn-icon btn-icon-right\" href=\"https:\/\/coercan.net\/?p=3954\" ><span >Bases de la campa\u00f1a<\/span><i class=\"a-icon-long-arrow-right\"><\/i><\/a>\t\t\t\t<\/div>\n\t\t\t\t<\/div>\n\t\t\t\t\t\t<\/div>\r\n\t\t\t\t<\/div>\r\n\t\t\t\t\t\t\t\t\t<div class=\" elementor-column elementor-col-50 elementor-inner-column elementor-element elementor-element-0beed27 \" data-id=\"0beed27\" data-element_type=\"column\">\r\n\r\n\t\t\t\t\r\n\t\t\t\t<div class=\"elementor-widget-wrap elementor-element-populated\">\r\n\t\t\t\t\t\t\t\t\t\t\r\n\t\t\t\t\t\t<div class=\"elementor-element elementor-element-90c4ca9 elementor-widget elementor-widget-image\" data-id=\"90c4ca9\" data-element_type=\"widget\" data-widget_type=\"image.default\">\n\t\t\t\t<div class=\"elementor-widget-container\">\n\t\t\t\t\t\t\t\t\t\t\t\t\t\t\t<img decoding=\"async\" width=\"1024\" height=\"496\" src=\"https:\/\/coercan.net\/wp-content\/uploads\/2026\/01\/img-dia-suerte-2026-1024x496.jpg\" class=\"attachment-large size-large wp-image-3955\" alt=\"Tu d\u00eda de suerte en Santo\u00f1a\" srcset=\"https:\/\/coercan.net\/wp-content\/uploads\/2026\/01\/img-dia-suerte-2026-1024x496.jpg 1024w, https:\/\/coercan.net\/wp-content\/uploads\/2026\/01\/img-dia-suerte-2026-768x372.jpg 768w\" sizes=\"(max-width: 1024px) 100vw, 1024px\" \/>\t\t\t\t\t\t\t\t\t\t\t\t\t\t\t<\/div>\n\t\t\t\t<\/div>\n\t\t\t\t\t\t<\/div>\r\n\t\t\t\t<\/div>\r\n\t\t\t\t\t\t\t\t<\/div>\r\n\t\t\t<\/section>\r\n\t\t\t\t\t\t\t<\/div>\r\n\t\t\t\t<\/div>\r\n\t\t\t\t\t\t\t\t<\/div>\r\n\t\t\t<\/section>\r\n\t\t\t\t\t<div class=\" elementor-section elementor-top-section elementor-element elementor-element-5e864c5 mb-10 pb-7 elementor-section-boxed elementor-section-height-default elementor-section-height-default smart-sticky-default\" data-id=\"5e864c5\" data-element_type=\"section\" data-settings=\"{&quot;background_background&quot;:&quot;classic&quot;}\">\r\n\t\t\t\t\t\t\t\t<div class=\"elementor-container elementor-column-gap-default\">\r\n\t\t\t\t\r\n\t\t\t\t\t\t\t\t<div class=\" elementor-column elementor-col-100 elementor-top-column elementor-element elementor-element-75d7cf8 \" data-id=\"75d7cf8\" data-element_type=\"column\">\r\n\r\n\t\t\t\t\r\n\t\t\t\t<div class=\"elementor-widget-wrap elementor-element-populated\">\r\n\t\t\t\t\t\t\t\t\t\t\r\n\t\t\t\t\t\t<div class=\"elementor-element elementor-element-c2eba5f h-min-551 elementor-widget__width-initial elementor-widget-mobile__width-initial elementor-invisible elementor-widget elementor-widget-image\" data-id=\"c2eba5f\" data-element_type=\"widget\" data-settings=\"{&quot;_animation&quot;:&quot;fadeInLeftShorter&quot;}\" data-widget_type=\"image.default\">\n\t\t\t\t<div class=\"elementor-widget-container\">\n\t\t\t\t\t\t\t\t\t\t\t\t\t\t\t<img decoding=\"async\" width=\"2000\" height=\"1333\" src=\"https:\/\/coercan.net\/wp-content\/uploads\/2026\/01\/Escaparates-Santander-2025.jpg\" class=\"attachment-full size-full wp-image-3942\" alt=\"48 Concurso de Escaparates de Santander\" srcset=\"https:\/\/coercan.net\/wp-content\/uploads\/2026\/01\/Escaparates-Santander-2025.jpg 2000w, https:\/\/coercan.net\/wp-content\/uploads\/2026\/01\/Escaparates-Santander-2025-1024x682.jpg 1024w, https:\/\/coercan.net\/wp-content\/uploads\/2026\/01\/Escaparates-Santander-2025-768x512.jpg 768w, https:\/\/coercan.net\/wp-content\/uploads\/2026\/01\/Escaparates-Santander-2025-1536x1024.jpg 1536w\" sizes=\"(max-width: 2000px) 100vw, 2000px\" \/>\t\t\t\t\t\t\t\t\t\t\t\t\t\t\t<\/div>\n\t\t\t\t<\/div>\n\t\t\t\t<div class=\"elementor-element elementor-element-0be3732 custom-banner elementor-widget__width-initial elementor-widget-mobile__width-initial elementor-absolute elementor-invisible elementor-widget elementor-widget-udesign_widget_banner\" data-id=\"0be3732\" data-element_type=\"widget\" data-settings=\"{&quot;_position&quot;:&quot;absolute&quot;,&quot;_animation&quot;:&quot;fadeInRightShorter&quot;,&quot;_content_animation&quot;:&quot;none&quot;}\" data-widget_type=\"udesign_widget_banner.default\">\r\n\t\t\t\t<div class=\"elementor-widget-container\">\n\t\t\t\t\t<div class=\"banner banner-fixed\"><div class=\"banner-content t-mc\"><h5 class=\"banner-item elementor-repeater-item-62ababa item-block text\">Concurso de Escaparates<\/h5><h3 class=\"banner-item elementor-repeater-item-0fc23f3 item-block text\">Monper Chocolate gana el 48 Concurso de Escaparates de Santander<\/h3><p class=\"banner-item elementor-repeater-item-e326c09 item-block text\">Monper Chocolate (C\/ Calder\u00f3n de la Barca 18) ha sido el ganador de la 48 edici\u00f3n del Concurso de Escaparates de Santander. El ganador del segundo premio ha sido Farmacia Lanza (Avda. Herrera Oria 31), mientras que el tercero ha reca\u00eddo sobre Librer\u00eda Gil (C\/ Hern\u00e1n Cortes 23).\n<\/p><a class=\"banner-item elementor-repeater-item-8b8583a item-inline  btn btn-rounded btn-primary btn-icon btn-icon-right\" href=\"https:\/\/coercan.net\/?p=3941\" aria-label=\"Banner Image\" ><span >Leer m\u00e1s<\/span><i class=\"a-icon-long-arrow-right\"><\/i><\/a><\/div><\/div>\t\t\t\t<\/div>\n\t\t\t\t<\/div>\n\t\t\t\t\t\t<\/div>\r\n\t\t\t\t<\/div>\r\n\t\t\t\t\t\t\t\t<\/div>\r\n\t\t\t<\/div>\r\n\t\t\t\t\t<section class=\" elementor-section elementor-top-section elementor-element elementor-element-d48786f elementor-section-boxed elementor-section-height-default elementor-section-height-default smart-sticky-default\" data-id=\"d48786f\" data-element_type=\"section\">\r\n\t\t\t\t\t\t\t\t<div class=\"elementor-container elementor-column-gap-default\">\r\n\t\t\t\t\r\n\t\t\t\t\t\t\t\t<div class=\" elementor-column elementor-col-100 elementor-top-column elementor-element elementor-element-2199015 \" data-id=\"2199015\" data-element_type=\"column\">\r\n\r\n\t\t\t\t\r\n\t\t\t\t<div class=\"elementor-widget-wrap elementor-element-populated\">\r\n\t\t\t\t\t\t\t\t\t\t\r\n\t\t\t\t\t\t<section class=\" elementor-section elementor-inner-section elementor-element elementor-element-13255e8 elementor-section-boxed elementor-section-height-default elementor-section-height-default smart-sticky-default\" data-id=\"13255e8\" data-element_type=\"section\">\r\n\t\t\t\t\t\t\t\t<div class=\"elementor-container elementor-column-gap-default\">\r\n\t\t\t\t\r\n\t\t\t\t\t\t\t\t<div class=\" elementor-column elementor-col-50 elementor-inner-column elementor-element elementor-element-8176ba1 \" data-id=\"8176ba1\" data-element_type=\"column\">\r\n\r\n\t\t\t\t\r\n\t\t\t\t<div class=\"elementor-widget-wrap elementor-element-populated\">\r\n\t\t\t\t\t\t\t\t\t\t\r\n\t\t\t\t\t\t<div class=\"elementor-element elementor-element-3213932 elementor-widget elementor-widget-heading\" data-id=\"3213932\" data-element_type=\"widget\" data-widget_type=\"heading.default\">\n\t\t\t\t<div class=\"elementor-widget-container\">\n\t\t\t\t\t<h2 class=\"elementor-heading-title elementor-size-default\">Plan Estrat\u00e9gico del Comercio de Santander<\/h2>\t\t\t\t<\/div>\n\t\t\t\t<\/div>\n\t\t\t\t<div class=\"elementor-element elementor-element-a0cab82 elementor-widget elementor-widget-text-editor\" data-id=\"a0cab82\" data-element_type=\"widget\" data-widget_type=\"text-editor.default\">\n\t\t\t\t<div class=\"elementor-widget-container\">\n\t\t\t\t\t\t\t\t\t<p>El Plan Estrat\u00e9gico del Comercio de Santander 2023-26, elaborado mediante la colaboraci\u00f3n del Ayuntamiento de Santander y la Federaci\u00f3n del Comercio de Cantabria &#8211; COERCAN, es una hoja de ruta consensuada con el sector comercial que define los principales ejes y actuaciones a llevar a cabo por el Consistorio en los pr\u00f3ximos a\u00f1os.<\/p>\t\t\t\t\t\t\t\t<\/div>\n\t\t\t\t<\/div>\n\t\t\t\t<div class=\"elementor-element elementor-element-db6281e elementor-widget elementor-widget-udesign_widget_button\" data-id=\"db6281e\" data-element_type=\"widget\" data-widget_type=\"udesign_widget_button.default\">\n\t\t\t\t<div class=\"elementor-widget-container\">\n\t\t\t\t\t<a class=\"btn btn-rounded btn-primary btn-icon btn-icon-right\" href=\"https:\/\/drive.google.com\/file\/d\/1uNK76I--YQhNmZV7imI6wlSrE-RIksCS\/view?usp=share_link\" ><span >Descargar<\/span><i class=\"a-icon-long-arrow-right\"><\/i><\/a>\t\t\t\t<\/div>\n\t\t\t\t<\/div>\n\t\t\t\t\t\t<\/div>\r\n\t\t\t\t<\/div>\r\n\t\t\t\t\t\t\t\t\t<div class=\" elementor-column elementor-col-50 elementor-inner-column elementor-element elementor-element-484a546 \" data-id=\"484a546\" data-element_type=\"column\">\r\n\r\n\t\t\t\t\r\n\t\t\t\t<div class=\"elementor-widget-wrap elementor-element-populated\">\r\n\t\t\t\t\t\t\t\t\t\t\r\n\t\t\t\t\t\t<div class=\"elementor-element elementor-element-ffbe96e elementor-widget elementor-widget-image\" data-id=\"ffbe96e\" data-element_type=\"widget\" data-widget_type=\"image.default\">\n\t\t\t\t<div class=\"elementor-widget-container\">\n\t\t\t\t\t\t\t\t\t\t\t\t\t\t\t<img loading=\"lazy\" decoding=\"async\" width=\"1000\" height=\"735\" src=\"https:\/\/coercan.net\/wp-content\/uploads\/2023\/04\/Plan-Estrategico-Comercio.jpg\" class=\"attachment-large size-large wp-image-3346\" alt=\"\" srcset=\"https:\/\/coercan.net\/wp-content\/uploads\/2023\/04\/Plan-Estrategico-Comercio.jpg 1000w, https:\/\/coercan.net\/wp-content\/uploads\/2023\/04\/Plan-Estrategico-Comercio-768x564.jpg 768w\" sizes=\"(max-width: 1000px) 100vw, 1000px\" \/>\t\t\t\t\t\t\t\t\t\t\t\t\t\t\t<\/div>\n\t\t\t\t<\/div>\n\t\t\t\t\t\t<\/div>\r\n\t\t\t\t<\/div>\r\n\t\t\t\t\t\t\t\t<\/div>\r\n\t\t\t<\/section>\r\n\t\t\t\t\t\t\t<\/div>\r\n\t\t\t\t<\/div>\r\n\t\t\t\t\t\t\t\t<\/div>\r\n\t\t\t<\/section>\r\n\t\t\t\t\t<div class=\" elementor-section elementor-top-section elementor-element elementor-element-11317af elementor-section-content-middle elementor-section-boxed elementor-section-height-default elementor-section-height-default smart-sticky-default\" data-id=\"11317af\" data-element_type=\"section\">\r\n\t\t\t\t\t\t\t\t<div class=\"elementor-container elementor-column-gap-default\">\r\n\t\t\t\t\r\n\t\t\t\t\t\t\t\t<div class=\" elementor-column elementor-col-50 elementor-top-column elementor-element elementor-element-d39a62b order-md-last \" data-id=\"d39a62b\" data-element_type=\"column\">\r\n\r\n\t\t\t\t\r\n\t\t\t\t<div class=\"elementor-widget-wrap elementor-element-populated\">\r\n\t\t\t\t\t\t\t\t\t\t\r\n\t\t\t\t\t\t<div data-plugin=\"scrolling\" data-options=\"{&quot;from&quot;:{&quot;y&quot;:0},&quot;to&quot;:{&quot;y&quot;:5},&quot;smooth&quot;:&quot;10&quot;}\" class=\"elementor-element elementor-element-02dacd7 elementor-invisible elementor-widget elementor-widget-image\" data-id=\"02dacd7\" data-element_type=\"widget\" data-settings=\"{&quot;_animation&quot;:&quot;fadeIn&quot;,&quot;_animation_delay&quot;:400}\" data-widget_type=\"image.default\">\n\t\t\t\t<div class=\"elementor-widget-container\">\n\t\t\t\t\t\t\t\t\t\t\t\t\t\t\t<img loading=\"lazy\" decoding=\"async\" width=\"386\" height=\"386\" src=\"https:\/\/coercan.net\/wp-content\/uploads\/2022\/11\/congreso.png\" class=\"attachment-full size-full wp-image-3021\" alt=\"\" \/>\t\t\t\t\t\t\t\t\t\t\t\t\t\t\t<\/div>\n\t\t\t\t<\/div>\n\t\t\t\t<div data-plugin=\"scrolling\" data-options=\"{&quot;from&quot;:{&quot;y&quot;:0},&quot;to&quot;:{&quot;y&quot;:-5},&quot;smooth&quot;:&quot;10&quot;}\" class=\"elementor-element elementor-element-2ec1025 elementor-widget__width-initial elementor-absolute elementor-invisible elementor-widget elementor-widget-image\" data-id=\"2ec1025\" data-element_type=\"widget\" data-settings=\"{&quot;_animation&quot;:&quot;fadeIn&quot;,&quot;_position&quot;:&quot;absolute&quot;}\" data-widget_type=\"image.default\">\n\t\t\t\t<div class=\"elementor-widget-container\">\n\t\t\t\t\t\t\t\t\t\t\t\t\t\t\t<img loading=\"lazy\" decoding=\"async\" width=\"383\" height=\"328\" src=\"https:\/\/coercan.net\/wp-content\/uploads\/2022\/11\/circulo.png\" class=\"attachment-full size-full wp-image-3030\" alt=\"\" \/>\t\t\t\t\t\t\t\t\t\t\t\t\t\t\t<\/div>\n\t\t\t\t<\/div>\n\t\t\t\t\t\t<\/div>\r\n\t\t\t\t<\/div>\r\n\t\t\t\t\t\t\t\t\t<div class=\" elementor-column elementor-col-50 elementor-top-column elementor-element elementor-element-9a2b96b elementor-invisible \" data-id=\"9a2b96b\" data-element_type=\"column\" data-settings=\"{&quot;animation&quot;:&quot;fadeIn&quot;}\">\r\n\r\n\t\t\t\t\r\n\t\t\t\t<div class=\"elementor-widget-wrap elementor-element-populated\">\r\n\t\t\t\t\t\t\t\t\t\t\r\n\t\t\t\t\t\t<div class=\"elementor-element elementor-element-291642c elementor-widget elementor-widget-heading\" data-id=\"291642c\" data-element_type=\"widget\" data-widget_type=\"heading.default\">\n\t\t\t\t<div class=\"elementor-widget-container\">\n\t\t\t\t\t<h3 class=\"elementor-heading-title elementor-size-default\">EVENTOS<\/h3>\t\t\t\t<\/div>\n\t\t\t\t<\/div>\n\t\t\t\t<div class=\"elementor-element elementor-element-b54c829 elementor-widget elementor-widget-heading\" data-id=\"b54c829\" data-element_type=\"widget\" data-widget_type=\"heading.default\">\n\t\t\t\t<div class=\"elementor-widget-container\">\n\t\t\t\t\t<h2 class=\"elementor-heading-title elementor-size-default\">II Foro del Comercio \nde Cantabria<\/h2>\t\t\t\t<\/div>\n\t\t\t\t<\/div>\n\t\t\t\t<div class=\"elementor-element elementor-element-c7b8ac5 elementor-widget elementor-widget-heading\" data-id=\"c7b8ac5\" data-element_type=\"widget\" data-widget_type=\"heading.default\">\n\t\t\t\t<div class=\"elementor-widget-container\">\n\t\t\t\t\t<p class=\"elementor-heading-title elementor-size-default\">El II Foro del Comercio de Cantabria nos ofreci\u00f3 un buen n\u00famero de ponencias en las que los participantes nos transmitieron sus conocimientos y experiencia en asuntos como la digitalizaci\u00f3n y modernizaci\u00f3n del negocio, la internacionalizaci\u00f3n, el ahorro energ\u00e9tico, la resoluci\u00f3n de conflictos o la lucha contra la competencia desleal, entre muchos temas de inter\u00e9s para los comerciantes.<\/p>\t\t\t\t<\/div>\n\t\t\t\t<\/div>\n\t\t\t\t<div class=\"elementor-element elementor-element-7c3aa81 elementor-widget elementor-widget-udesign_widget_button\" data-id=\"7c3aa81\" data-element_type=\"widget\" data-widget_type=\"udesign_widget_button.default\">\n\t\t\t\t<div class=\"elementor-widget-container\">\n\t\t\t\t\t<a class=\"btn btn-rounded btn-primary btn-icon btn-icon-right\" href=\"https:\/\/coercan.net\/?p=3159\" ><span >Ver m\u00e1s<\/span><i class=\"a-icon-long-arrow-right\"><\/i><\/a>\t\t\t\t<\/div>\n\t\t\t\t<\/div>\n\t\t\t\t\t\t<\/div>\r\n\t\t\t\t<\/div>\r\n\t\t\t\t\t\t\t\t<\/div>\r\n\t\t\t<\/div>\r\n\t\t\t\t\t<div class=\" elementor-section elementor-top-section elementor-element elementor-element-d2d9a3a mb-10 pb-7 elementor-section-boxed elementor-section-height-default elementor-section-height-default smart-sticky-default\" data-id=\"d2d9a3a\" data-element_type=\"section\" data-settings=\"{&quot;background_background&quot;:&quot;classic&quot;}\">\r\n\t\t\t\t\t\t\t\t<div class=\"elementor-container elementor-column-gap-default\">\r\n\t\t\t\t\r\n\t\t\t\t\t\t\t\t<div class=\" elementor-column elementor-col-100 elementor-top-column elementor-element elementor-element-b3da77c \" data-id=\"b3da77c\" data-element_type=\"column\">\r\n\r\n\t\t\t\t\r\n\t\t\t\t<div class=\"elementor-widget-wrap elementor-element-populated\">\r\n\t\t\t\t\t\t\t\t\t\t\r\n\t\t\t\t\t\t<div class=\"elementor-element elementor-element-c657bc2 h-min-551 elementor-widget__width-initial elementor-widget-mobile__width-initial elementor-invisible elementor-widget elementor-widget-image\" data-id=\"c657bc2\" data-element_type=\"widget\" data-settings=\"{&quot;_animation&quot;:&quot;fadeInLeftShorter&quot;}\" data-widget_type=\"image.default\">\n\t\t\t\t<div class=\"elementor-widget-container\">\n\t\t\t\t\t\t\t\t\t\t\t\t\t\t\t<img loading=\"lazy\" decoding=\"async\" width=\"705\" height=\"551\" src=\"https:\/\/coercan.net\/wp-content\/uploads\/2022\/11\/campanas.jpg\" class=\"attachment-full size-full wp-image-3038\" alt=\"\" srcset=\"https:\/\/coercan.net\/wp-content\/uploads\/2022\/11\/campanas.jpg 705w, https:\/\/coercan.net\/wp-content\/uploads\/2022\/11\/campanas-600x469.jpg 600w\" sizes=\"(max-width: 705px) 100vw, 705px\" \/>\t\t\t\t\t\t\t\t\t\t\t\t\t\t\t<\/div>\n\t\t\t\t<\/div>\n\t\t\t\t<div class=\"elementor-element elementor-element-1cd866d custom-banner elementor-widget__width-initial elementor-widget-mobile__width-initial elementor-absolute elementor-invisible elementor-widget elementor-widget-udesign_widget_banner\" data-id=\"1cd866d\" data-element_type=\"widget\" data-settings=\"{&quot;_position&quot;:&quot;absolute&quot;,&quot;_animation&quot;:&quot;fadeInRightShorter&quot;,&quot;_content_animation&quot;:&quot;none&quot;}\" data-widget_type=\"udesign_widget_banner.default\">\r\n\t\t\t\t<div class=\"elementor-widget-container\">\n\t\t\t\t\t<div class=\"banner banner-fixed\"><div class=\"banner-content t-mc\"><h5 class=\"banner-item elementor-repeater-item-62ababa item-block text\">INICIATIVAS<\/h5><h3 class=\"banner-item elementor-repeater-item-0fc23f3 item-block text\">Campa\u00f1as de dinamizaci\u00f3n del comercio<\/h3><p class=\"banner-item elementor-repeater-item-3af1e5d item-block text\">COERCAN y las asociaciones integradas en ella reparten cada a\u00f1o miles de euros en premios entre los clientes de sus establecimientos asociados, acercando de este modo al p\u00fablico al comercio de proximidad<\/p><a class=\"banner-item elementor-repeater-item-8b8583a item-inline  btn btn-rounded btn-primary btn-icon btn-icon-right\" href=\"https:\/\/coercan.net\/?page_id=681\" aria-label=\"Banner Image\" ><span >Ver m\u00e1s<\/span><i class=\"a-icon-long-arrow-right\"><\/i><\/a><\/div><\/div>\t\t\t\t<\/div>\n\t\t\t\t<\/div>\n\t\t\t\t\t\t<\/div>\r\n\t\t\t\t<\/div>\r\n\t\t\t\t\t\t\t\t<\/div>\r\n\t\t\t<\/div>\r\n\t\t\t\t\t<section class=\" elementor-section elementor-top-section elementor-element elementor-element-07255b5 elementor-section-boxed elementor-section-height-default elementor-section-height-default smart-sticky-default\" data-id=\"07255b5\" data-element_type=\"section\" data-settings=\"{&quot;background_background&quot;:&quot;classic&quot;}\">\r\n\t\t\t\t\t\t\t\t<div class=\"elementor-container elementor-column-gap-default\">\r\n\t\t\t\t\r\n\t\t\t\t\t\t\t\t<div class=\" elementor-column elementor-col-100 elementor-top-column elementor-element elementor-element-7e9138e \" data-id=\"7e9138e\" data-element_type=\"column\">\r\n\r\n\t\t\t\t\r\n\t\t\t\t<div class=\"elementor-widget-wrap elementor-element-populated\">\r\n\t\t\t\t\t\t\t\t\t\t\r\n\t\t\t\t\t\t<section class=\" elementor-section elementor-inner-section elementor-element elementor-element-b75ec2b elementor-section-boxed elementor-section-height-default elementor-section-height-default smart-sticky-default\" data-id=\"b75ec2b\" data-element_type=\"section\">\r\n\t\t\t\t\t\t\t\t<div class=\"elementor-container elementor-column-gap-default\">\r\n\t\t\t\t\r\n\t\t\t\t\t\t\t\t<div class=\" elementor-column elementor-col-50 elementor-inner-column elementor-element elementor-element-a461c9c \" data-id=\"a461c9c\" data-element_type=\"column\">\r\n\r\n\t\t\t\t\r\n\t\t\t\t<div class=\"elementor-widget-wrap elementor-element-populated\">\r\n\t\t\t\t\t\t\t\t\t\t\r\n\t\t\t\t\t\t<div class=\"elementor-element elementor-element-e5f6d75 elementor-widget elementor-widget-heading\" data-id=\"e5f6d75\" data-element_type=\"widget\" data-widget_type=\"heading.default\">\n\t\t\t\t<div class=\"elementor-widget-container\">\n\t\t\t\t\t<h2 class=\"elementor-heading-title elementor-size-default\">El comercio hace ciudad<\/h2>\t\t\t\t<\/div>\n\t\t\t\t<\/div>\n\t\t\t\t<div class=\"elementor-element elementor-element-f326256 elementor-widget elementor-widget-text-editor\" data-id=\"f326256\" data-element_type=\"widget\" data-widget_type=\"text-editor.default\">\n\t\t\t\t<div class=\"elementor-widget-container\">\n\t\t\t\t\t\t\t\t\t<p>La <strong>Federaci\u00f3n del Comercio de Cantabria (COERCAN)<\/strong> nace con el objetivo de ser el \u00f3rgano de referencia del comercio urbano en nuestra regi\u00f3n, el encargado de llevar a efecto todo tipo de actividades destinadas a lograr la consolidaci\u00f3n de la PYME en Cantabria, y alcanzar con ello un nivel de competitividad suficiente, a pesar de las dificultades que se suponen a este sector.<\/p>\t\t\t\t\t\t\t\t<\/div>\n\t\t\t\t<\/div>\n\t\t\t\t\t\t<\/div>\r\n\t\t\t\t<\/div>\r\n\t\t\t\t\t\t\t\t\t<div class=\" elementor-column elementor-col-50 elementor-inner-column elementor-element elementor-element-41af67a \" data-id=\"41af67a\" data-element_type=\"column\">\r\n\r\n\t\t\t\t\r\n\t\t\t\t<div class=\"elementor-widget-wrap elementor-element-populated\">\r\n\t\t\t\t\t\t\t\t\t\t\r\n\t\t\t\t\t\t<div class=\"elementor-element elementor-element-b4411a2 e-transform elementor-widget elementor-widget-image\" data-id=\"b4411a2\" data-element_type=\"widget\" data-settings=\"{&quot;_transform_scale_effect_hover&quot;:{&quot;unit&quot;:&quot;px&quot;,&quot;size&quot;:1.1,&quot;sizes&quot;:[]},&quot;_transform_scale_effect_hover_tablet&quot;:{&quot;unit&quot;:&quot;px&quot;,&quot;size&quot;:&quot;&quot;,&quot;sizes&quot;:[]},&quot;_transform_scale_effect_hover_mobile&quot;:{&quot;unit&quot;:&quot;px&quot;,&quot;size&quot;:&quot;&quot;,&quot;sizes&quot;:[]}}\" data-widget_type=\"image.default\">\n\t\t\t\t<div class=\"elementor-widget-container\">\n\t\t\t\t\t\t\t\t\t\t\t\t\t\t\t\t<a href=\"http:\/\/www.aseguras.es\" target=\"_blank\">\n\t\t\t\t\t\t\t<img loading=\"lazy\" decoding=\"async\" width=\"310\" height=\"130\" src=\"https:\/\/coercan.net\/wp-content\/uploads\/2016\/07\/aseguras.jpg\" class=\"attachment-large size-large wp-image-5\" alt=\"\" \/>\t\t\t\t\t\t\t\t<\/a>\n\t\t\t\t\t\t\t\t\t\t\t\t\t\t\t<\/div>\n\t\t\t\t<\/div>\n\t\t\t\t<div class=\"elementor-element elementor-element-68f8339 elementor-widget elementor-widget-text-editor\" data-id=\"68f8339\" data-element_type=\"widget\" data-widget_type=\"text-editor.default\">\n\t\t\t\t<div class=\"elementor-widget-container\">\n\t\t\t\t\t\t\t\t\t<p style=\"text-align: center;\"><strong>\u00a1OFERTA SEGURO ACCIDENTES + BAJAS PARA ASOCIADOS!<\/strong><\/p>\t\t\t\t\t\t\t\t<\/div>\n\t\t\t\t<\/div>\n\t\t\t\t\t\t<\/div>\r\n\t\t\t\t<\/div>\r\n\t\t\t\t\t\t\t\t<\/div>\r\n\t\t\t<\/section>\r\n\t\t\t\t\t\t\t<\/div>\r\n\t\t\t\t<\/div>\r\n\t\t\t\t\t\t\t\t<\/div>\r\n\t\t\t<\/section>\r\n\t\t\t\t\t<div class=\" elementor-section elementor-top-section elementor-element elementor-element-11b8cef pt-10 elementor-section-boxed elementor-section-height-default elementor-section-height-default smart-sticky-default\" data-id=\"11b8cef\" data-element_type=\"section\" data-settings=\"{&quot;background_background&quot;:&quot;classic&quot;}\">\r\n\t\t\t\t\t\t\t\t<div class=\"elementor-container elementor-column-gap-default\">\r\n\t\t\t\t\r\n\t\t\t\t\t\t\t\t<div class=\" elementor-column elementor-col-100 elementor-top-column elementor-element elementor-element-17910a1 \" data-id=\"17910a1\" data-element_type=\"column\">\r\n\r\n\t\t\t\t\r\n\t\t\t\t<div class=\"elementor-widget-wrap\">\r\n\t\t\t\t\t\t\t\t\t\t\r\n\t\t\t\t\t\t\t\t<\/div>\r\n\t\t\t\t<\/div>\r\n\t\t\t\t\t\t\t\t<\/div>\r\n\t\t\t<\/div>\r\n\t\t\t\t\t<div class=\" elementor-section elementor-top-section elementor-element elementor-element-a7bd23e elementor-section-boxed elementor-section-height-default elementor-section-height-default smart-sticky-default\" data-id=\"a7bd23e\" data-element_type=\"section\" data-settings=\"{&quot;background_background&quot;:&quot;classic&quot;}\">\r\n\t\t\t\t\t\t\t\t<div class=\"elementor-container elementor-column-gap-default\">\r\n\t\t\t\t\r\n\t\t\t\t\t\t\t\t<div class=\" elementor-column elementor-col-50 elementor-top-column elementor-element elementor-element-e555860 mb-lg-7 \" data-id=\"e555860\" data-element_type=\"column\">\r\n\r\n\t\t\t\t\r\n\t\t\t\t<div class=\"elementor-widget-wrap elementor-element-populated\">\r\n\t\t\t\t\t\t\t\t\t\t\r\n\t\t\t\t\t\t<div class=\"elementor-element elementor-element-e9c1824 elementor-widget elementor-widget-heading\" data-id=\"e9c1824\" data-element_type=\"widget\" data-widget_type=\"heading.default\">\n\t\t\t\t<div class=\"elementor-widget-container\">\n\t\t\t\t\t<h4 class=\"elementor-heading-title elementor-size-default\">Destacados<\/h4>\t\t\t\t<\/div>\n\t\t\t\t<\/div>\n\t\t\t\t<div class=\"elementor-element elementor-element-71f7686 elementor-invisible elementor-widget elementor-widget-udesign_widget_posts_grid\" data-id=\"71f7686\" data-element_type=\"widget\" data-settings=\"{&quot;_animation&quot;:&quot;fadeIn&quot;,&quot;_animation_delay&quot;:300}\" data-widget_type=\"udesign_widget_posts_grid.default\">\n\t\t\t\t<div class=\"elementor-widget-container\">\n\t\t\t\t\t<div id=\"alpha-posts-grid-4675\" class=\"alpha-posts-grid\"><div class=\"alpha-posts-grid-container post-grid-post posts row cols-lg-2 cols-md-1 cols-sm-2 cols-1 cols-xl-2\" data-post-type=\"default\"><div class=\"alpha-tb-item post post-3961 type-post status-publish format-standard has-post-thumbnail hentry category-campanas category-noticias tag-campana tag-noticias\">\r\n<div class=\"post-wrap \" data-post-image=\"shop_catalog\">\r\n\r\n\t\r\n\t<article class=\"post-3961 post type-post status-publish format-standard has-post-thumbnail hentry category-campanas category-noticias tag-campana tag-noticias post overlay-zoom  post-default\">\r\n\t\t\t\t\t<figure class=\"post-media\">\r\n\t\t\t\t\t\t\t\t<a href=\"https:\/\/coercan.net\/?p=3961\" aria-label=\"Post Media\">\r\n\t\t\t\t\t<img loading=\"lazy\" decoding=\"async\" width=\"2048\" height=\"1152\" src=\"https:\/\/coercan.net\/wp-content\/uploads\/2026\/01\/Presentacion-Dia-Suerte.jpg\" class=\"attachment-shop_catalog size-shop_catalog wp-post-image\" alt=\"Presentaci\u00f3n Tu D\u00eda de Suerte en Santo\u00f1a\" srcset=\"https:\/\/coercan.net\/wp-content\/uploads\/2026\/01\/Presentacion-Dia-Suerte.jpg 2048w, https:\/\/coercan.net\/wp-content\/uploads\/2026\/01\/Presentacion-Dia-Suerte-1024x576.jpg 1024w, https:\/\/coercan.net\/wp-content\/uploads\/2026\/01\/Presentacion-Dia-Suerte-768x432.jpg 768w, https:\/\/coercan.net\/wp-content\/uploads\/2026\/01\/Presentacion-Dia-Suerte-1536x864.jpg 1536w, https:\/\/coercan.net\/wp-content\/uploads\/2026\/01\/Presentacion-Dia-Suerte-780x440.jpg 780w\" sizes=\"(max-width: 2048px) 100vw, 2048px\" \/>\t\t\t\t\t\t<figcaption class=\"thumbnail-caption\">\r\n\t\t\t\t\t\t\tPresentaci\u00f3n Tu D\u00eda de Suerte en Santo\u00f1a\t\t\t\t\t\t<\/figcaption>\r\n\t\t\t\t\t\t\t\t\t\t<\/a>\r\n\t\t\t<\/figure>\r\n\t\t\t<div class=\"post-details\">\r\n\t<a class=\"post-date\" href=\"https:\/\/coercan.net\/?m=20260128\">\r\n\t28 enero, 2026<\/a>\r\n<div class=\"post-cats\"><a href=\"https:\/\/coercan.net\/?cat=64\" rel=\"category\">campa\u00f1as<\/a> <a href=\"https:\/\/coercan.net\/?cat=2\" rel=\"category\">Noticias<\/a><\/div><h3 class=\"post-title\">\r\n\t<a href=\"https:\/\/coercan.net\/?p=3961\">\r\n\t\tCOERCAN presenta la campa\u00f1a \u00abTu D\u00eda de Suerte en Santo\u00f1a\u00bb\t<\/a>\r\n<\/h3>\r\n<div class=\"post-content\">\r\n\t<p>La campa\u00f1a repartir\u00e1 1.800 euros en premios entre los clientes del comercio local La Federaci\u00f3n del Comercio de Cantabria \u2013&hellip;<\/p><\/div>\r\n<div class=\"post-meta\">\r\n\t<div class=\"post-author\">\r\n\t\tby <a href=\"https:\/\/coercan.net\/?author=1\" title=\"Entradas de info_36f835c6\" rel=\"author\">info_36f835c6<\/a>\t<\/div>\r\n\t<a href=\"#\" class=\"vote-link like\" data-count=\"0\" data-id=\"3961\">0<\/a>\r\n\t<\/div>\r\n<\/div>\r\n\t<\/article>\r\n\r\n\t\r\n<\/div>\r\n\r\n<\/div><div class=\"alpha-tb-item post post-3954 type-post status-publish format-standard has-post-thumbnail hentry category-bases category-campanas tag-bases tag-campana\">\r\n<div class=\"post-wrap \" data-post-image=\"shop_catalog\">\r\n\r\n\t\r\n\t<article class=\"post-3954 post type-post status-publish format-standard has-post-thumbnail hentry category-bases category-campanas tag-bases tag-campana post overlay-zoom  post-default\">\r\n\t\t\t\t\t<figure class=\"post-media\">\r\n\t\t\t\t\t\t\t\t<a href=\"https:\/\/coercan.net\/?p=3954\" aria-label=\"Post Media\">\r\n\t\t\t\t\t<img loading=\"lazy\" decoding=\"async\" width=\"1922\" height=\"931\" src=\"https:\/\/coercan.net\/wp-content\/uploads\/2026\/01\/img-dia-suerte-2026.jpg\" class=\"attachment-shop_catalog size-shop_catalog wp-post-image\" alt=\"Tu d\u00eda de suerte en Santo\u00f1a\" srcset=\"https:\/\/coercan.net\/wp-content\/uploads\/2026\/01\/img-dia-suerte-2026.jpg 1922w, https:\/\/coercan.net\/wp-content\/uploads\/2026\/01\/img-dia-suerte-2026-1024x496.jpg 1024w, https:\/\/coercan.net\/wp-content\/uploads\/2026\/01\/img-dia-suerte-2026-768x372.jpg 768w, https:\/\/coercan.net\/wp-content\/uploads\/2026\/01\/img-dia-suerte-2026-1536x744.jpg 1536w\" sizes=\"(max-width: 1922px) 100vw, 1922px\" \/>\t\t\t\t\t\t<figcaption class=\"thumbnail-caption\">\r\n\t\t\t\t\t\t\tTu d\u00eda de suerte en Santo\u00f1a\t\t\t\t\t\t<\/figcaption>\r\n\t\t\t\t\t\t\t\t\t\t<\/a>\r\n\t\t\t<\/figure>\r\n\t\t\t<div class=\"post-details\">\r\n\t<a class=\"post-date\" href=\"https:\/\/coercan.net\/?m=20260126\">\r\n\t26 enero, 2026<\/a>\r\n<div class=\"post-cats\"><a href=\"https:\/\/coercan.net\/?cat=10\" rel=\"category\">bases<\/a> <a href=\"https:\/\/coercan.net\/?cat=64\" rel=\"category\">campa\u00f1as<\/a><\/div><h3 class=\"post-title\">\r\n\t<a href=\"https:\/\/coercan.net\/?p=3954\">\r\n\t\tTu D\u00eda de Suerte en Santo\u00f1a: Bases de la campa\u00f1a\t<\/a>\r\n<\/h3>\r\n<div class=\"post-content\">\r\n\t<p>Cada establecimiento de Santo\u00f1a, asociado a la Federaci\u00f3n del Comercio, dispondr\u00e1 de un m\u00ednimo de 300 papeletas para poder repartir&hellip;<\/p><\/div>\r\n<div class=\"post-meta\">\r\n\t<div class=\"post-author\">\r\n\t\tby <a href=\"https:\/\/coercan.net\/?author=1\" title=\"Entradas de info_36f835c6\" rel=\"author\">info_36f835c6<\/a>\t<\/div>\r\n\t<a href=\"#\" class=\"vote-link like\" data-count=\"0\" data-id=\"3954\">0<\/a>\r\n\t<\/div>\r\n<\/div>\r\n\t<\/article>\r\n\r\n\t\r\n<\/div>\r\n\r\n<\/div><\/div><\/div>\t\t\t\t<\/div>\n\t\t\t\t<\/div>\n\t\t\t\t\t\t<\/div>\r\n\t\t\t\t<\/div>\r\n\t\t\t\t\t\t\t\t\t<div class=\" elementor-column elementor-col-50 elementor-top-column elementor-element elementor-element-b50883e mb-lg-7 mb-3 \" data-id=\"b50883e\" data-element_type=\"column\">\r\n\r\n\t\t\t\t\r\n\t\t\t\t<div class=\"elementor-widget-wrap elementor-element-populated\">\r\n\t\t\t\t\t\t\t\t\t\t\r\n\t\t\t\t\t\t<div class=\"elementor-element elementor-element-aafd557 elementor-invisible elementor-widget elementor-widget-heading\" data-id=\"aafd557\" data-element_type=\"widget\" data-settings=\"{&quot;_animation&quot;:&quot;fadeInRightShorter&quot;}\" data-widget_type=\"heading.default\">\n\t\t\t\t<div class=\"elementor-widget-container\">\n\t\t\t\t\t<h4 class=\"elementor-heading-title elementor-size-default\">\u00daltimas Noticias<\/h4>\t\t\t\t<\/div>\n\t\t\t\t<\/div>\n\t\t\t\t<div class=\"elementor-element elementor-element-a89a9db custom-post-widget elementor-invisible elementor-widget elementor-widget-udesign_widget_posts elementor-widget-theme-post-content\" data-id=\"a89a9db\" data-element_type=\"widget\" data-settings=\"{&quot;_animation&quot;:&quot;fadeInRightShorter&quot;}\" data-widget_type=\"udesign_widget_posts.default\">\n\t\t\t\t<div class=\"elementor-widget-container\">\n\t\t\t\t\t<div class=\"posts  row cols-lg-1 cols-md-1 cols-sm-1 cols-1 cols-xl-1 posts row cols-lg-1 cols-md-1 cols-sm-1 cols-1 cols-xl-1\" data-post-type=\"widget\">\r\n<div class=\"post-wrap \" data-post-image=\"alpha-thumb-custom-5\">\r\n\r\n\t\r\n\t<article class=\"post-3961 post type-post status-publish format-standard has-post-thumbnail hentry category-campanas category-noticias tag-campana tag-noticias post overlay-dark  post-widget\">\r\n\t\t\t\t\t<figure class=\"post-media\">\r\n\t\t\t\t\t\t\t\t<a href=\"https:\/\/coercan.net\/?p=3961\" aria-label=\"Post Media\">\r\n\t\t\t\t\t<img loading=\"lazy\" decoding=\"async\" width=\"570\" height=\"400\" src=\"https:\/\/coercan.net\/wp-content\/uploads\/2026\/01\/Presentacion-Dia-Suerte-570x400.jpg\" class=\"attachment-alpha-thumb-custom-5 size-alpha-thumb-custom-5 wp-post-image\" alt=\"Presentaci\u00f3n Tu D\u00eda de Suerte en Santo\u00f1a\" srcset=\"https:\/\/coercan.net\/wp-content\/uploads\/2026\/01\/Presentacion-Dia-Suerte-570x400.jpg 570w, https:\/\/coercan.net\/wp-content\/uploads\/2026\/01\/Presentacion-Dia-Suerte-400x280.jpg 400w\" sizes=\"(max-width: 570px) 100vw, 570px\" \/>\t\t\t\t\t\t<figcaption class=\"thumbnail-caption\">\r\n\t\t\t\t\t\t\tPresentaci\u00f3n Tu D\u00eda de Suerte en Santo\u00f1a\t\t\t\t\t\t<\/figcaption>\r\n\t\t\t\t\t\t\t\t\t\t<\/a>\r\n\t\t\t<\/figure>\r\n\t\t\t<div class=\"post-details\">\r\n\t<a class=\"post-date\" href=\"https:\/\/coercan.net\/?m=20260128\">\r\n\t28 enero, 2026<\/a>\r\n<h3 class=\"post-title\">\r\n\t<a href=\"https:\/\/coercan.net\/?p=3961\">\r\n\t\tCOERCAN presenta la campa\u00f1a \u00abTu D\u00eda de Suerte en Santo\u00f1a\u00bb\t<\/a>\r\n<\/h3>\r\n<span class=\"post-author\">\r\n\tby <a href=\"https:\/\/coercan.net\/?author=1\" title=\"Entradas de info_36f835c6\" rel=\"author\">info_36f835c6<\/a><\/span>\r\n<\/div>\r\n\t<\/article>\r\n\r\n\t\r\n<\/div>\r\n\r\n\r\n<div class=\"post-wrap \" data-post-image=\"alpha-thumb-custom-5\">\r\n\r\n\t\r\n\t<article class=\"post-3954 post type-post status-publish format-standard has-post-thumbnail hentry category-bases category-campanas tag-bases tag-campana post overlay-dark  post-widget\">\r\n\t\t\t\t\t<figure class=\"post-media\">\r\n\t\t\t\t\t\t\t\t<a href=\"https:\/\/coercan.net\/?p=3954\" aria-label=\"Post Media\">\r\n\t\t\t\t\t<img loading=\"lazy\" decoding=\"async\" width=\"570\" height=\"400\" src=\"https:\/\/coercan.net\/wp-content\/uploads\/2026\/01\/img-dia-suerte-2026-570x400.jpg\" class=\"attachment-alpha-thumb-custom-5 size-alpha-thumb-custom-5 wp-post-image\" alt=\"Tu d\u00eda de suerte en Santo\u00f1a\" srcset=\"https:\/\/coercan.net\/wp-content\/uploads\/2026\/01\/img-dia-suerte-2026-570x400.jpg 570w, https:\/\/coercan.net\/wp-content\/uploads\/2026\/01\/img-dia-suerte-2026-400x280.jpg 400w\" sizes=\"(max-width: 570px) 100vw, 570px\" \/>\t\t\t\t\t\t<figcaption class=\"thumbnail-caption\">\r\n\t\t\t\t\t\t\tTu d\u00eda de suerte en Santo\u00f1a\t\t\t\t\t\t<\/figcaption>\r\n\t\t\t\t\t\t\t\t\t\t<\/a>\r\n\t\t\t<\/figure>\r\n\t\t\t<div class=\"post-details\">\r\n\t<a class=\"post-date\" href=\"https:\/\/coercan.net\/?m=20260126\">\r\n\t26 enero, 2026<\/a>\r\n<h3 class=\"post-title\">\r\n\t<a href=\"https:\/\/coercan.net\/?p=3954\">\r\n\t\tTu D\u00eda de Suerte en Santo\u00f1a: Bases de la campa\u00f1a\t<\/a>\r\n<\/h3>\r\n<span class=\"post-author\">\r\n\tby <a href=\"https:\/\/coercan.net\/?author=1\" title=\"Entradas de info_36f835c6\" rel=\"author\">info_36f835c6<\/a><\/span>\r\n<\/div>\r\n\t<\/article>\r\n\r\n\t\r\n<\/div>\r\n\r\n\r\n<div class=\"post-wrap \" data-post-image=\"alpha-thumb-custom-5\">\r\n\r\n\t\r\n\t<article class=\"post-3941 post type-post status-publish format-standard has-post-thumbnail hentry category-noticias tag-concurso-escaparates tag-noticias post overlay-dark  post-widget\">\r\n\t\t\t\t\t<figure class=\"post-media\">\r\n\t\t\t\t\t\t\t\t<a href=\"https:\/\/coercan.net\/?p=3941\" aria-label=\"Post Media\">\r\n\t\t\t\t\t<img loading=\"lazy\" decoding=\"async\" width=\"570\" height=\"400\" src=\"https:\/\/coercan.net\/wp-content\/uploads\/2026\/01\/Escaparates-Santander-2025-570x400.jpg\" class=\"attachment-alpha-thumb-custom-5 size-alpha-thumb-custom-5 wp-post-image\" alt=\"48 Concurso de Escaparates de Santander\" srcset=\"https:\/\/coercan.net\/wp-content\/uploads\/2026\/01\/Escaparates-Santander-2025-570x400.jpg 570w, https:\/\/coercan.net\/wp-content\/uploads\/2026\/01\/Escaparates-Santander-2025-400x280.jpg 400w\" sizes=\"(max-width: 570px) 100vw, 570px\" \/>\t\t\t\t\t\t<figcaption class=\"thumbnail-caption\">\r\n\t\t\t\t\t\t\t48 Concurso de Escaparates de Santander\t\t\t\t\t\t<\/figcaption>\r\n\t\t\t\t\t\t\t\t\t\t<\/a>\r\n\t\t\t<\/figure>\r\n\t\t\t<div class=\"post-details\">\r\n\t<a class=\"post-date\" href=\"https:\/\/coercan.net\/?m=20260105\">\r\n\t5 enero, 2026<\/a>\r\n<h3 class=\"post-title\">\r\n\t<a href=\"https:\/\/coercan.net\/?p=3941\">\r\n\t\tMonper Chocolate gana el 48 Concurso de Escaparates de Santander\t<\/a>\r\n<\/h3>\r\n<span class=\"post-author\">\r\n\tby <a href=\"https:\/\/coercan.net\/?author=1\" title=\"Entradas de info_36f835c6\" rel=\"author\">info_36f835c6<\/a><\/span>\r\n<\/div>\r\n\t<\/article>\r\n\r\n\t\r\n<\/div>\r\n\r\n\r\n<div class=\"post-wrap \" data-post-image=\"alpha-thumb-custom-5\">\r\n\r\n\t\r\n\t<article class=\"post-3913 post type-post status-publish format-standard has-post-thumbnail hentry category-campanas post overlay-dark  post-widget\">\r\n\t\t\t\t\t<figure class=\"post-media\">\r\n\t\t\t\t\t\t\t\t<a href=\"https:\/\/coercan.net\/?p=3913\" aria-label=\"Post Media\">\r\n\t\t\t\t\t<img loading=\"lazy\" decoding=\"async\" width=\"570\" height=\"400\" src=\"https:\/\/coercan.net\/wp-content\/uploads\/2025\/12\/img-escaparates-2025-570x400.jpg\" class=\"attachment-alpha-thumb-custom-5 size-alpha-thumb-custom-5 wp-post-image\" alt=\"48 Concurso de Escaparates de Santander\" srcset=\"https:\/\/coercan.net\/wp-content\/uploads\/2025\/12\/img-escaparates-2025-570x400.jpg 570w, https:\/\/coercan.net\/wp-content\/uploads\/2025\/12\/img-escaparates-2025-400x280.jpg 400w\" sizes=\"(max-width: 570px) 100vw, 570px\" \/>\t\t\t\t\t\t<figcaption class=\"thumbnail-caption\">\r\n\t\t\t\t\t\t\t48 Concurso de Escaparates de Santander\t\t\t\t\t\t<\/figcaption>\r\n\t\t\t\t\t\t\t\t\t\t<\/a>\r\n\t\t\t<\/figure>\r\n\t\t\t<div class=\"post-details\">\r\n\t<a class=\"post-date\" href=\"https:\/\/coercan.net\/?m=20251211\">\r\n\t11 diciembre, 2025<\/a>\r\n<h3 class=\"post-title\">\r\n\t<a href=\"https:\/\/coercan.net\/?p=3913\">\r\n\t\t48 Concurso de Escaparates de Santander &#8211; Establecimientos participantes\t<\/a>\r\n<\/h3>\r\n<span class=\"post-author\">\r\n\tby <a href=\"https:\/\/coercan.net\/?author=1\" title=\"Entradas de info_36f835c6\" rel=\"author\">info_36f835c6<\/a><\/span>\r\n<\/div>\r\n\t<\/article>\r\n\r\n\t\r\n<\/div>\r\n\r\n\r\n<div class=\"post-wrap \" data-post-image=\"alpha-thumb-custom-5\">\r\n\r\n\t\r\n\t<article class=\"post-3898 post type-post status-publish format-standard has-post-thumbnail hentry category-bases category-campanas tag-bases tag-campana tag-concurso-escaparates post overlay-dark  post-widget\">\r\n\t\t\t\t\t<figure class=\"post-media\">\r\n\t\t\t\t\t\t\t\t<a href=\"https:\/\/coercan.net\/?p=3898\" aria-label=\"Post Media\">\r\n\t\t\t\t\t<img loading=\"lazy\" decoding=\"async\" width=\"570\" height=\"400\" src=\"https:\/\/coercan.net\/wp-content\/uploads\/2025\/12\/img-escaparates-2025-570x400.jpg\" class=\"attachment-alpha-thumb-custom-5 size-alpha-thumb-custom-5 wp-post-image\" alt=\"48 Concurso de Escaparates de Santander\" srcset=\"https:\/\/coercan.net\/wp-content\/uploads\/2025\/12\/img-escaparates-2025-570x400.jpg 570w, https:\/\/coercan.net\/wp-content\/uploads\/2025\/12\/img-escaparates-2025-400x280.jpg 400w\" sizes=\"(max-width: 570px) 100vw, 570px\" \/>\t\t\t\t\t\t<figcaption class=\"thumbnail-caption\">\r\n\t\t\t\t\t\t\t48 Concurso de Escaparates de Santander\t\t\t\t\t\t<\/figcaption>\r\n\t\t\t\t\t\t\t\t\t\t<\/a>\r\n\t\t\t<\/figure>\r\n\t\t\t<div class=\"post-details\">\r\n\t<a class=\"post-date\" href=\"https:\/\/coercan.net\/?m=20251205\">\r\n\t5 diciembre, 2025<\/a>\r\n<h3 class=\"post-title\">\r\n\t<a href=\"https:\/\/coercan.net\/?p=3898\">\r\n\t\tBases 48 Concurso de Escaparates de Santander\t<\/a>\r\n<\/h3>\r\n<span class=\"post-author\">\r\n\tby <a href=\"https:\/\/coercan.net\/?author=1\" title=\"Entradas de info_36f835c6\" rel=\"author\">info_36f835c6<\/a><\/span>\r\n<\/div>\r\n\t<\/article>\r\n\r\n\t\r\n<\/div>\r\n\r\n<\/div>\t\t\t\t<\/div>\n\t\t\t\t<\/div>\n\t\t\t\t<div class=\"elementor-element elementor-element-e409dc1 mt-7 elementor-invisible elementor-widget elementor-widget-udesign_widget_button\" data-id=\"e409dc1\" data-element_type=\"widget\" data-settings=\"{&quot;_animation&quot;:&quot;fadeInRightShorter&quot;}\" data-widget_type=\"udesign_widget_button.default\">\n\t\t\t\t<div class=\"elementor-widget-container\">\n\t\t\t\t\t<a class=\"btn btn-rounded btn-primary btn-icon btn-icon-right\" href=\"https:\/\/coercan.net\/?page_id=681\" ><span >Ver todas<\/span><i class=\"a-icon-long-arrow-right\"><\/i><\/a>\t\t\t\t<\/div>\n\t\t\t\t<\/div>\n\t\t\t\t\t\t<\/div>\r\n\t\t\t\t<\/div>\r\n\t\t\t\t\t\t\t\t<\/div>\r\n\t\t\t<\/div>\r\n\t\t\t\t\t<\/div>\n\t\t","protected":false},"excerpt":{"rendered":"<p>COERCAN Federaci\u00f3n del Comercio de Cantabria La patronal del sector en la regi\u00f3n con\u00f3cenos Asesoramiento En la Federaci\u00f3n aclararemos todas tus consultas y dudas sobre cualquier tema que afecte al funcionamiento de tu negocio. Campa\u00f1as de animaci\u00f3n Las campa\u00f1as organizadas por COERCAN contribuyen a potenciar el comercio local y aumentan la visibilidad de tu negocio [&hellip;]<\/p>\n","protected":false},"author":2,"featured_media":0,"parent":0,"menu_order":0,"comment_status":"closed","ping_status":"closed","template":"","meta":{"_acf_changed":false,"_monsterinsights_skip_tracking":false,"_monsterinsights_sitenote_active":false,"_monsterinsights_sitenote_note":"","_monsterinsights_sitenote_category":0,"footnotes":""},"class_list":["post-2","page","type-page","status-publish","hentry"],"acf":[],"_links":{"self":[{"href":"https:\/\/coercan.net\/index.php?rest_route=\/wp\/v2\/pages\/2","targetHints":{"allow":["GET"]}}],"collection":[{"href":"https:\/\/coercan.net\/index.php?rest_route=\/wp\/v2\/pages"}],"about":[{"href":"https:\/\/coercan.net\/index.php?rest_route=\/wp\/v2\/types\/page"}],"author":[{"embeddable":true,"href":"https:\/\/coercan.net\/index.php?rest_route=\/wp\/v2\/users\/2"}],"replies":[{"embeddable":true,"href":"https:\/\/coercan.net\/index.php?rest_route=%2Fwp%2Fv2%2Fcomments&post=2"}],"version-history":[{"count":288,"href":"https:\/\/coercan.net\/index.php?rest_route=\/wp\/v2\/pages\/2\/revisions"}],"predecessor-version":[{"id":3969,"href":"https:\/\/coercan.net\/index.php?rest_route=\/wp\/v2\/pages\/2\/revisions\/3969"}],"wp:attachment":[{"href":"https:\/\/coercan.net\/index.php?rest_route=%2Fwp%2Fv2%2Fmedia&parent=2"}],"curies":[{"name":"wp","href":"https:\/\/api.w.org\/{rel}","templated":true}]}}