{"id":3237,"date":"2022-12-09T11:01:55","date_gmt":"2022-12-09T10:01:55","guid":{"rendered":"https:\/\/coercan.net\/?page_id=3237"},"modified":"2026-02-04T11:33:08","modified_gmt":"2026-02-04T10:33:08","slug":"transparencia","status":"publish","type":"page","link":"https:\/\/coercan.net\/?page_id=3237","title":{"rendered":"Transparencia"},"content":{"rendered":"\t\t<div data-elementor-type=\"wp-page\" data-elementor-id=\"3237\" class=\"elementor elementor-3237\">\n\t\t\t\t\t\t<section class=\" elementor-section elementor-top-section elementor-element elementor-element-81113e8 elementor-section-boxed elementor-section-height-default elementor-section-height-default smart-sticky-default\" data-id=\"81113e8\" data-element_type=\"section\">\r\n\t\t\t\t\t\t\t\t<div class=\"elementor-container elementor-column-gap-default\">\r\n\t\t\t\t\r\n\t\t\t\t\t\t\t\t<div class=\" elementor-column elementor-col-100 elementor-top-column elementor-element elementor-element-50c7094 \" data-id=\"50c7094\" data-element_type=\"column\">\r\n\r\n\t\t\t\t\r\n\t\t\t\t<div class=\"elementor-widget-wrap elementor-element-populated\">\r\n\t\t\t\t\t\t\t\t\t\t\r\n\t\t\t\t\t\t<div class=\"elementor-element elementor-element-18b9eee elementor-widget elementor-widget-heading\" data-id=\"18b9eee\" data-element_type=\"widget\" data-widget_type=\"heading.default\">\n\t\t\t\t<div class=\"elementor-widget-container\">\n\t\t\t\t\t<h2 class=\"elementor-heading-title elementor-size-default\">Federaci\u00f3n del Comercio de Cantabria - COERCAN<\/h2>\t\t\t\t<\/div>\n\t\t\t\t<\/div>\n\t\t\t\t\t\t<\/div>\r\n\t\t\t\t<\/div>\r\n\t\t\t\t\t\t\t\t<\/div>\r\n\t\t\t<\/section>\r\n\t\t\t\t\t<section class=\" elementor-section elementor-top-section elementor-element elementor-element-2779ce0 elementor-section-boxed elementor-section-height-default elementor-section-height-default smart-sticky-default\" data-id=\"2779ce0\" data-element_type=\"section\">\r\n\t\t\t\t\t\t\t\t<div class=\"elementor-container elementor-column-gap-default\">\r\n\t\t\t\t\r\n\t\t\t\t\t\t\t\t<div class=\" elementor-column elementor-col-100 elementor-top-column elementor-element elementor-element-af1d31e \" data-id=\"af1d31e\" data-element_type=\"column\">\r\n\r\n\t\t\t\t\r\n\t\t\t\t<div class=\"elementor-widget-wrap elementor-element-populated\">\r\n\t\t\t\t\t\t\t\t\t\t\r\n\t\t\t\t\t\t<div class=\"elementor-element elementor-element-da5fd1e elementor-widget elementor-widget-heading\" data-id=\"da5fd1e\" data-element_type=\"widget\" data-widget_type=\"heading.default\">\n\t\t\t\t<div class=\"elementor-widget-container\">\n\t\t\t\t\t<h3 class=\"elementor-heading-title elementor-size-default\">Estructura Organizativa<\/h3>\t\t\t\t<\/div>\n\t\t\t\t<\/div>\n\t\t\t\t\t\t<\/div>\r\n\t\t\t\t<\/div>\r\n\t\t\t\t\t\t\t\t<\/div>\r\n\t\t\t<\/section>\r\n\t\t\t\t\t<section class=\" elementor-section elementor-top-section elementor-element elementor-element-cbd4512 elementor-section-boxed elementor-section-height-default elementor-section-height-default smart-sticky-default\" data-id=\"cbd4512\" data-element_type=\"section\">\r\n\t\t\t\t\t\t\t\t<div class=\"elementor-container elementor-column-gap-default\">\r\n\t\t\t\t\r\n\t\t\t\t\t\t\t\t<div class=\" elementor-column elementor-col-100 elementor-top-column elementor-element elementor-element-900f93c \" data-id=\"900f93c\" data-element_type=\"column\">\r\n\r\n\t\t\t\t\r\n\t\t\t\t<div class=\"elementor-widget-wrap elementor-element-populated\">\r\n\t\t\t\t\t\t\t\t\t\t\r\n\t\t\t\t\t\t<div class=\"elementor-element elementor-element-520ca4b elementor-widget elementor-widget-text-editor\" data-id=\"520ca4b\" data-element_type=\"widget\" data-widget_type=\"text-editor.default\">\n\t\t\t\t<div class=\"elementor-widget-container\">\n\t\t\t\t\t\t\t\t\t<p>Documento de no remuneraci\u00f3n de cargos directivos (PDF) &#8211; <a href=\"https:\/\/coercan.net\/wp-content\/uploads\/2024\/12\/transparenciaCOERCAN.pdf\">Descarga<\/a><\/p>\t\t\t\t\t\t\t\t<\/div>\n\t\t\t\t<\/div>\n\t\t\t\t\t\t<\/div>\r\n\t\t\t\t<\/div>\r\n\t\t\t\t\t\t\t\t<\/div>\r\n\t\t\t<\/section>\r\n\t\t\t\t\t<section class=\" elementor-section elementor-top-section elementor-element elementor-element-e621bb8 elementor-section-boxed elementor-section-height-default elementor-section-height-default smart-sticky-default\" data-id=\"e621bb8\" data-element_type=\"section\">\r\n\t\t\t\t\t\t\t\t<div class=\"elementor-container elementor-column-gap-default\">\r\n\t\t\t\t\r\n\t\t\t\t\t\t\t\t<div class=\" elementor-column elementor-col-100 elementor-top-column elementor-element elementor-element-f391d6a \" data-id=\"f391d6a\" data-element_type=\"column\">\r\n\r\n\t\t\t\t\r\n\t\t\t\t<div class=\"elementor-widget-wrap elementor-element-populated\">\r\n\t\t\t\t\t\t\t\t\t\t\r\n\t\t\t\t\t\t<div class=\"elementor-element elementor-element-451a16a elementor-widget elementor-widget-heading\" data-id=\"451a16a\" data-element_type=\"widget\" data-widget_type=\"heading.default\">\n\t\t\t\t<div class=\"elementor-widget-container\">\n\t\t\t\t\t<h3 class=\"elementor-heading-title elementor-size-default\">Ayudas y subvenciones<\/h3>\t\t\t\t<\/div>\n\t\t\t\t<\/div>\n\t\t\t\t\t\t<\/div>\r\n\t\t\t\t<\/div>\r\n\t\t\t\t\t\t\t\t<\/div>\r\n\t\t\t<\/section>\r\n\t\t\t\t\t<section class=\" elementor-section elementor-top-section elementor-element elementor-element-f81dfb9 elementor-section-boxed elementor-section-height-default elementor-section-height-default smart-sticky-default\" data-id=\"f81dfb9\" data-element_type=\"section\">\r\n\t\t\t\t\t\t\t\t<div class=\"elementor-container elementor-column-gap-default\">\r\n\t\t\t\t\r\n\t\t\t\t\t\t\t\t<div class=\" elementor-column elementor-col-100 elementor-top-column elementor-element elementor-element-17bd6f0 \" data-id=\"17bd6f0\" data-element_type=\"column\">\r\n\r\n\t\t\t\t\r\n\t\t\t\t<div class=\"elementor-widget-wrap elementor-element-populated\">\r\n\t\t\t\t\t\t\t\t\t\t\r\n\t\t\t\t\t\t<div class=\"elementor-element elementor-element-66fb159 elementor-widget elementor-widget-text-editor\" data-id=\"66fb159\" data-element_type=\"widget\" data-widget_type=\"text-editor.default\">\n\t\t\t\t<div class=\"elementor-widget-container\">\n\t\t\t\t\t\t\t\t\t<p><strong>Subvenciones para la realizaci\u00f3n de actividades en el \u00e1mbito de la prevenci\u00f3n de riesgos laborales, IND\/27\/2025, de 12 de junio<\/strong><\/p><ul><li><strong>Concedente:<\/strong> Consejer\u00eda de Industria, Empleo, Innovaci\u00f3n y Comercio del Gobierno de Cantabria<\/li><li><strong>Objetivo:<\/strong> Financiaci\u00f3n de acciones de informaci\u00f3n, asistencia y promoci\u00f3n del cumplimiento de la normativa sobre riesgos laborales.<\/li><li><strong>Plazo de ejecuci\u00f3n:<\/strong> del 1 de noviembre de 2025 al 30 de junio de 2026<\/li><li><strong>Importe:<\/strong> 36.000 \u20ac (100% de la inversi\u00f3n realizada)<\/li><li>No se han recibido otras ayudas para la realizaci\u00f3n de esta actividad<\/li><\/ul>\t\t\t\t\t\t\t\t<\/div>\n\t\t\t\t<\/div>\n\t\t\t\t\t\t<\/div>\r\n\t\t\t\t<\/div>\r\n\t\t\t\t\t\t\t\t<\/div>\r\n\t\t\t<\/section>\r\n\t\t\t\t\t<section class=\" elementor-section elementor-top-section elementor-element elementor-element-3ce4bf8 elementor-section-boxed elementor-section-height-default elementor-section-height-default smart-sticky-default\" data-id=\"3ce4bf8\" data-element_type=\"section\">\r\n\t\t\t\t\t\t\t\t<div class=\"elementor-container elementor-column-gap-default\">\r\n\t\t\t\t\r\n\t\t\t\t\t\t\t\t<div class=\" elementor-column elementor-col-100 elementor-top-column elementor-element elementor-element-06c7d5c \" data-id=\"06c7d5c\" data-element_type=\"column\">\r\n\r\n\t\t\t\t\r\n\t\t\t\t<div class=\"elementor-widget-wrap elementor-element-populated\">\r\n\t\t\t\t\t\t\t\t\t\t\r\n\t\t\t\t\t\t<div class=\"elementor-element elementor-element-0c8a00e elementor-widget elementor-widget-text-editor\" data-id=\"0c8a00e\" data-element_type=\"widget\" data-widget_type=\"text-editor.default\">\n\t\t\t\t<div class=\"elementor-widget-container\">\n\t\t\t\t\t\t\t\t\t<p><strong>Subvenciones para la realizaci\u00f3n de actividades en el \u00e1mbito de la prevenci\u00f3n de riesgos laborales, IND\/20\/2024, de 10 de octubre<\/strong><\/p><ul><li><strong>Concedente:<\/strong> Consejer\u00eda de Industria, Empleo, Innovaci\u00f3n y Comercio del Gobierno de Cantabria<\/li><li><strong>Objetivo:<\/strong> Financiaci\u00f3n de acciones de informaci\u00f3n, asistencia y promoci\u00f3n del cumplimiento de la normativa sobre riesgos laborales.<\/li><li><strong>Plazo de ejecuci\u00f3n:<\/strong> del 1 de diciembre de 2023 al 30 de junio de 2024<\/li><li><strong>Importe:<\/strong> 36.000 \u20ac (100% de la inversi\u00f3n realizada)<\/li><li>No se han recibido otras ayudas para la realizaci\u00f3n de esta actividad<\/li><\/ul>\t\t\t\t\t\t\t\t<\/div>\n\t\t\t\t<\/div>\n\t\t\t\t\t\t<\/div>\r\n\t\t\t\t<\/div>\r\n\t\t\t\t\t\t\t\t<\/div>\r\n\t\t\t<\/section>\r\n\t\t\t\t\t<section class=\" elementor-section elementor-top-section elementor-element elementor-element-33861ff elementor-section-boxed elementor-section-height-default elementor-section-height-default smart-sticky-default\" data-id=\"33861ff\" data-element_type=\"section\">\r\n\t\t\t\t\t\t\t\t<div class=\"elementor-container elementor-column-gap-default\">\r\n\t\t\t\t\r\n\t\t\t\t\t\t\t\t<div class=\" elementor-column elementor-col-100 elementor-top-column elementor-element elementor-element-141ce21 \" data-id=\"141ce21\" data-element_type=\"column\">\r\n\r\n\t\t\t\t\r\n\t\t\t\t<div class=\"elementor-widget-wrap elementor-element-populated\">\r\n\t\t\t\t\t\t\t\t\t\t\r\n\t\t\t\t\t\t<div class=\"elementor-element elementor-element-0a3e49f elementor-widget elementor-widget-text-editor\" data-id=\"0a3e49f\" data-element_type=\"widget\" data-widget_type=\"text-editor.default\">\n\t\t\t\t<div class=\"elementor-widget-container\">\n\t\t\t\t\t\t\t\t\t<p><strong>Subvenciones a Asociaciones de Comerciantes y sus Federaciones y Confederaciones y Cooperativas de Detallistas, IND\/52\/2024, de 27 de septiembre<br \/><\/strong><\/p><ul><li><strong>Concedente:<\/strong> Consejer\u00eda de Industria, Empleo, Innovaci\u00f3n y Comercio del Gobierno de Cantabria<\/li><li><strong>Objetivo:<\/strong> Realizaci\u00f3n de actividades de promoci\u00f3n comercial<\/li><li><strong>Plazo de ejecuci\u00f3n:<\/strong> del 6 de octubre de 2023 al 15 de julio de 2024<\/li><li><strong>Importe:<\/strong> 11.295,53 \u20ac (75% de la inversi\u00f3n realizada)<\/li><li>No se han recibido otras ayudas para la realizaci\u00f3n de esta actividad<\/li><\/ul>\t\t\t\t\t\t\t\t<\/div>\n\t\t\t\t<\/div>\n\t\t\t\t\t\t<\/div>\r\n\t\t\t\t<\/div>\r\n\t\t\t\t\t\t\t\t<\/div>\r\n\t\t\t<\/section>\r\n\t\t\t\t\t<section class=\" elementor-section elementor-top-section elementor-element elementor-element-a20c2a2 elementor-section-boxed elementor-section-height-default elementor-section-height-default smart-sticky-default\" data-id=\"a20c2a2\" data-element_type=\"section\">\r\n\t\t\t\t\t\t\t\t<div class=\"elementor-container elementor-column-gap-default\">\r\n\t\t\t\t\r\n\t\t\t\t\t\t\t\t<div class=\" elementor-column elementor-col-100 elementor-top-column elementor-element elementor-element-ff51b5c \" data-id=\"ff51b5c\" data-element_type=\"column\">\r\n\r\n\t\t\t\t\r\n\t\t\t\t<div class=\"elementor-widget-wrap elementor-element-populated\">\r\n\t\t\t\t\t\t\t\t\t\t\r\n\t\t\t\t\t\t<div class=\"elementor-element elementor-element-4b1e154 elementor-widget elementor-widget-text-editor\" data-id=\"4b1e154\" data-element_type=\"widget\" data-widget_type=\"text-editor.default\">\n\t\t\t\t<div class=\"elementor-widget-container\">\n\t\t\t\t\t\t\t\t\t<p><strong>Subvenciones a Asociaciones de Comerciantes y sus Federaciones y Confederaciones y Cooperativas de Detallistas, IND\/11\/2024, de 19 de febrero<br \/><\/strong><\/p><ul><li><strong>Concedente:<\/strong> Consejer\u00eda de Industria, Empleo, Innovaci\u00f3n y Comercio del Gobierno de Cantabria<\/li><li><strong>Objetivo:<\/strong> Financiaci\u00f3n de gastos corrientes<\/li><li><strong>Plazo de ejecuci\u00f3n:<\/strong> del 16 de marzo de 2023 al 30 de abril de 2024<\/li><li><strong>Importe:<\/strong> 9.600 \u20ac (100% de la inversi\u00f3n realizada)<\/li><li>No se han recibido otras ayudas para la realizaci\u00f3n de esta actividad<\/li><\/ul>\t\t\t\t\t\t\t\t<\/div>\n\t\t\t\t<\/div>\n\t\t\t\t\t\t<\/div>\r\n\t\t\t\t<\/div>\r\n\t\t\t\t\t\t\t\t<\/div>\r\n\t\t\t<\/section>\r\n\t\t\t\t\t<section class=\" elementor-section elementor-top-section elementor-element elementor-element-312929b elementor-section-boxed elementor-section-height-default elementor-section-height-default smart-sticky-default\" data-id=\"312929b\" data-element_type=\"section\">\r\n\t\t\t\t\t\t\t\t<div class=\"elementor-container elementor-column-gap-default\">\r\n\t\t\t\t\r\n\t\t\t\t\t\t\t\t<div class=\" elementor-column elementor-col-100 elementor-top-column elementor-element elementor-element-7ff48f9 \" data-id=\"7ff48f9\" data-element_type=\"column\">\r\n\r\n\t\t\t\t\r\n\t\t\t\t<div class=\"elementor-widget-wrap elementor-element-populated\">\r\n\t\t\t\t\t\t\t\t\t\t\r\n\t\t\t\t\t\t<div class=\"elementor-element elementor-element-6f228e7 elementor-widget elementor-widget-text-editor\" data-id=\"6f228e7\" data-element_type=\"widget\" data-widget_type=\"text-editor.default\">\n\t\t\t\t<div class=\"elementor-widget-container\">\n\t\t\t\t\t\t\t\t\t<p><strong>Subvenciones para la realizaci\u00f3n de actividades en el \u00e1mbito de la prevenci\u00f3n de riesgos laborales, IND\/50\/2023, de 10 de octubre<\/strong><\/p><ul><li><strong>Concedente:<\/strong> Consejer\u00eda de Industria, Empleo, Innovaci\u00f3n y Comercio del Gobierno de Cantabria<\/li><li><strong>Objetivo:<\/strong> Financiaci\u00f3n de acciones de informaci\u00f3n, asistencia y promoci\u00f3n del cumplimiento de la normativa sobre riesgos laborales.<\/li><li><strong>Plazo de ejecuci\u00f3n:<\/strong> del 1 de diciembre de 2023 al 30 de junio de 2024<\/li><li><strong>Importe:<\/strong> 36.000 \u20ac (100% de la inversi\u00f3n realizada)<\/li><li>No se han recibido otras ayudas para la realizaci\u00f3n de esta actividad<\/li><\/ul>\t\t\t\t\t\t\t\t<\/div>\n\t\t\t\t<\/div>\n\t\t\t\t\t\t<\/div>\r\n\t\t\t\t<\/div>\r\n\t\t\t\t\t\t\t\t<\/div>\r\n\t\t\t<\/section>\r\n\t\t\t\t\t<section class=\" elementor-section elementor-top-section elementor-element elementor-element-cffa282 elementor-section-boxed elementor-section-height-default elementor-section-height-default smart-sticky-default\" data-id=\"cffa282\" data-element_type=\"section\">\r\n\t\t\t\t\t\t\t\t<div class=\"elementor-container elementor-column-gap-default\">\r\n\t\t\t\t\r\n\t\t\t\t\t\t\t\t<div class=\" elementor-column elementor-col-100 elementor-top-column elementor-element elementor-element-7acd22f \" data-id=\"7acd22f\" data-element_type=\"column\">\r\n\r\n\t\t\t\t\r\n\t\t\t\t<div class=\"elementor-widget-wrap elementor-element-populated\">\r\n\t\t\t\t\t\t\t\t\t\t\r\n\t\t\t\t\t\t<div class=\"elementor-element elementor-element-9484169 elementor-widget elementor-widget-text-editor\" data-id=\"9484169\" data-element_type=\"widget\" data-widget_type=\"text-editor.default\">\n\t\t\t\t<div class=\"elementor-widget-container\">\n\t\t\t\t\t\t\t\t\t<p><strong>Subvenciones a Asociaciones de Comerciantes y sus Federaciones y Confederaciones y Cooperativas de Detallistas, IND\/47\/2023, de 4 de septiembre<br><\/strong><\/p>\n<ul>\n<li><strong>Concedente:<\/strong> Consejer\u00eda de Industria, Empleo, Innovaci\u00f3n y Comercio del Gobierno de Cantabria<\/li>\n<li><strong>Objetivo:<\/strong> Realizaci\u00f3n de actividades de promoci\u00f3n comercial<br><\/li>\n<li><strong>Plazo de ejecuci\u00f3n:<\/strong> del 1 de julio de 2022 al 15 de julio de 2023<\/li>\n<li><strong>Importe:<\/strong> 20.000 \u20ac (75% de la inversi\u00f3n realizada)<\/li>\n<li>No se han recibido otras ayudas para la realizaci\u00f3n de esta actividad<\/li>\n<\/ul>\t\t\t\t\t\t\t\t<\/div>\n\t\t\t\t<\/div>\n\t\t\t\t\t\t<\/div>\r\n\t\t\t\t<\/div>\r\n\t\t\t\t\t\t\t\t<\/div>\r\n\t\t\t<\/section>\r\n\t\t\t\t\t<section class=\" elementor-section elementor-top-section elementor-element elementor-element-cb094d1 elementor-section-boxed elementor-section-height-default elementor-section-height-default smart-sticky-default\" data-id=\"cb094d1\" data-element_type=\"section\">\r\n\t\t\t\t\t\t\t\t<div class=\"elementor-container elementor-column-gap-default\">\r\n\t\t\t\t\r\n\t\t\t\t\t\t\t\t<div class=\" elementor-column elementor-col-100 elementor-top-column elementor-element elementor-element-5c68a8c \" data-id=\"5c68a8c\" data-element_type=\"column\">\r\n\r\n\t\t\t\t\r\n\t\t\t\t<div class=\"elementor-widget-wrap elementor-element-populated\">\r\n\t\t\t\t\t\t\t\t\t\t\r\n\t\t\t\t\t\t<div class=\"elementor-element elementor-element-0986e56 elementor-widget elementor-widget-text-editor\" data-id=\"0986e56\" data-element_type=\"widget\" data-widget_type=\"text-editor.default\">\n\t\t\t\t<div class=\"elementor-widget-container\">\n\t\t\t\t\t\t\t\t\t<p><strong>Subvenciones a Asociaciones de Comerciantes y sus Federaciones y Confederaciones y Cooperativas de Detallistas, IND\/10\/2023, de 10 de febrero<\/strong><\/p><ul><li><strong>Concedente:<\/strong> Consejer\u00eda de Industria, Turismo, Innovaci\u00f3n, Transporte y Comercio del Gobierno de Cantabria<\/li><li><strong>Objetivo:<\/strong> Financiaci\u00f3n de gastos corrientes<\/li><li><strong>Plazo de ejecuci\u00f3n:<\/strong> del 25 de octubre de 2022 al 15 de marzo de 2023<\/li><li><strong>Importe:<\/strong> 7.465,78 \u20ac (100% de la inversi\u00f3n realizada)<\/li><li>No se han recibido otras ayudas para la realizaci\u00f3n de esta actividad<\/li><\/ul>\t\t\t\t\t\t\t\t<\/div>\n\t\t\t\t<\/div>\n\t\t\t\t\t\t<\/div>\r\n\t\t\t\t<\/div>\r\n\t\t\t\t\t\t\t\t<\/div>\r\n\t\t\t<\/section>\r\n\t\t\t\t\t<section class=\" elementor-section elementor-top-section elementor-element elementor-element-4fbb1e2 elementor-section-boxed elementor-section-height-default elementor-section-height-default smart-sticky-default\" data-id=\"4fbb1e2\" data-element_type=\"section\">\r\n\t\t\t\t\t\t\t\t<div class=\"elementor-container elementor-column-gap-default\">\r\n\t\t\t\t\r\n\t\t\t\t\t\t\t\t<div class=\" elementor-column elementor-col-100 elementor-top-column elementor-element elementor-element-9de90ec \" data-id=\"9de90ec\" data-element_type=\"column\">\r\n\r\n\t\t\t\t\r\n\t\t\t\t<div class=\"elementor-widget-wrap elementor-element-populated\">\r\n\t\t\t\t\t\t\t\t\t\t\r\n\t\t\t\t\t\t<div class=\"elementor-element elementor-element-3b51e8d elementor-widget elementor-widget-text-editor\" data-id=\"3b51e8d\" data-element_type=\"widget\" data-widget_type=\"text-editor.default\">\n\t\t\t\t<div class=\"elementor-widget-container\">\n\t\t\t\t\t\t\t\t\t<p><strong>Subvenciones a Asociaciones de Comerciantes y sus Federaciones y Confederaciones y Cooperativas de Detallistas, IND\/34\/2022, de 2 de junio<\/strong><\/p><ul><li><strong>Concedente:<\/strong> Consejer\u00eda de Industria, Turismo, Innovaci\u00f3n, Transporte y Comercio del Gobierno de Cantabria<\/li><li><strong>Objetivo:<\/strong> Realizaci\u00f3n de actividades de animaci\u00f3n comercial<\/li><li><strong>Plazo de ejecuci\u00f3n:<\/strong> del 1 de julio de 2021 al 30 de junio de 2022<\/li><li><strong>Importe:<\/strong> 19.919,86 \u20ac (75% de la inversi\u00f3n realizada)<\/li><li>No se han recibido otras ayudas para la realizaci\u00f3n de esta actividad<\/li><\/ul>\t\t\t\t\t\t\t\t<\/div>\n\t\t\t\t<\/div>\n\t\t\t\t\t\t<\/div>\r\n\t\t\t\t<\/div>\r\n\t\t\t\t\t\t\t\t<\/div>\r\n\t\t\t<\/section>\r\n\t\t\t\t\t<section class=\" elementor-section elementor-top-section elementor-element elementor-element-5f12c6a elementor-section-boxed elementor-section-height-default elementor-section-height-default smart-sticky-default\" data-id=\"5f12c6a\" data-element_type=\"section\">\r\n\t\t\t\t\t\t\t\t<div class=\"elementor-container elementor-column-gap-default\">\r\n\t\t\t\t\r\n\t\t\t\t\t\t\t\t<div class=\" elementor-column elementor-col-100 elementor-top-column elementor-element elementor-element-04690fd \" data-id=\"04690fd\" data-element_type=\"column\">\r\n\r\n\t\t\t\t\r\n\t\t\t\t<div class=\"elementor-widget-wrap elementor-element-populated\">\r\n\t\t\t\t\t\t\t\t\t\t\r\n\t\t\t\t\t\t<div class=\"elementor-element elementor-element-7d9486b elementor-widget elementor-widget-heading\" data-id=\"7d9486b\" data-element_type=\"widget\" data-widget_type=\"heading.default\">\n\t\t\t\t<div class=\"elementor-widget-container\">\n\t\t\t\t\t<h2 class=\"elementor-heading-title elementor-size-default\">Asociaci\u00f3n Comercio Astillero - Guarnizo<\/h2>\t\t\t\t<\/div>\n\t\t\t\t<\/div>\n\t\t\t\t\t\t<\/div>\r\n\t\t\t\t<\/div>\r\n\t\t\t\t\t\t\t\t<\/div>\r\n\t\t\t<\/section>\r\n\t\t\t\t\t<section class=\" elementor-section elementor-top-section elementor-element elementor-element-4ed9861 elementor-section-boxed elementor-section-height-default elementor-section-height-default smart-sticky-default\" data-id=\"4ed9861\" data-element_type=\"section\">\r\n\t\t\t\t\t\t\t\t<div class=\"elementor-container elementor-column-gap-default\">\r\n\t\t\t\t\r\n\t\t\t\t\t\t\t\t<div class=\" elementor-column elementor-col-100 elementor-top-column elementor-element elementor-element-ae12a79 \" data-id=\"ae12a79\" data-element_type=\"column\">\r\n\r\n\t\t\t\t\r\n\t\t\t\t<div class=\"elementor-widget-wrap elementor-element-populated\">\r\n\t\t\t\t\t\t\t\t\t\t\r\n\t\t\t\t\t\t<div class=\"elementor-element elementor-element-1926508 elementor-widget elementor-widget-heading\" data-id=\"1926508\" data-element_type=\"widget\" data-widget_type=\"heading.default\">\n\t\t\t\t<div class=\"elementor-widget-container\">\n\t\t\t\t\t<h3 class=\"elementor-heading-title elementor-size-default\">Ayudas y Subvenciones<\/h3>\t\t\t\t<\/div>\n\t\t\t\t<\/div>\n\t\t\t\t\t\t<\/div>\r\n\t\t\t\t<\/div>\r\n\t\t\t\t\t\t\t\t<\/div>\r\n\t\t\t<\/section>\r\n\t\t\t\t\t<section class=\" elementor-section elementor-top-section elementor-element elementor-element-ee66c23 elementor-section-boxed elementor-section-height-default elementor-section-height-default smart-sticky-default\" data-id=\"ee66c23\" data-element_type=\"section\">\r\n\t\t\t\t\t\t\t\t<div class=\"elementor-container elementor-column-gap-default\">\r\n\t\t\t\t\r\n\t\t\t\t\t\t\t\t<div class=\" elementor-column elementor-col-100 elementor-top-column elementor-element elementor-element-fccce11 \" data-id=\"fccce11\" data-element_type=\"column\">\r\n\r\n\t\t\t\t\r\n\t\t\t\t<div class=\"elementor-widget-wrap elementor-element-populated\">\r\n\t\t\t\t\t\t\t\t\t\t\r\n\t\t\t\t\t\t<div class=\"elementor-element elementor-element-f6e3021 elementor-widget elementor-widget-text-editor\" data-id=\"f6e3021\" data-element_type=\"widget\" data-widget_type=\"text-editor.default\">\n\t\t\t\t<div class=\"elementor-widget-container\">\n\t\t\t\t\t\t\t\t\t<p><strong>Subvenciones a Asociaciones de Comerciantes y sus Federaciones y Confederaciones y Cooperativas de Detallistas, IND\/52\/2024, de 27 de septiembre<br \/><\/strong><\/p><ul><li><strong>Concedente:<\/strong> Consejer\u00eda de Industria, Empleo, Innovaci\u00f3n y Comercio del Gobierno de Cantabria<\/li><li><strong>Objetivo:<\/strong> Realizaci\u00f3n de actividades de promoci\u00f3n comercial<\/li><li><strong>Plazo de ejecuci\u00f3n:<\/strong> del 6 de octubre de 2023 al 15 de julio de 2024<\/li><li><strong>Importe:<\/strong> 8.475 \u20ac (75% de la inversi\u00f3n realizada)<\/li><li>No se han recibido otras ayudas para la realizaci\u00f3n de esta actividad<\/li><\/ul>\t\t\t\t\t\t\t\t<\/div>\n\t\t\t\t<\/div>\n\t\t\t\t\t\t<\/div>\r\n\t\t\t\t<\/div>\r\n\t\t\t\t\t\t\t\t<\/div>\r\n\t\t\t<\/section>\r\n\t\t\t\t\t<section class=\" elementor-section elementor-top-section elementor-element elementor-element-aa2cf78 elementor-section-boxed elementor-section-height-default elementor-section-height-default smart-sticky-default\" data-id=\"aa2cf78\" data-element_type=\"section\">\r\n\t\t\t\t\t\t\t\t<div class=\"elementor-container elementor-column-gap-default\">\r\n\t\t\t\t\r\n\t\t\t\t\t\t\t\t<div class=\" elementor-column elementor-col-100 elementor-top-column elementor-element elementor-element-0de45c9 \" data-id=\"0de45c9\" data-element_type=\"column\">\r\n\r\n\t\t\t\t\r\n\t\t\t\t<div class=\"elementor-widget-wrap elementor-element-populated\">\r\n\t\t\t\t\t\t\t\t\t\t\r\n\t\t\t\t\t\t<div class=\"elementor-element elementor-element-a7bd41d elementor-widget elementor-widget-text-editor\" data-id=\"a7bd41d\" data-element_type=\"widget\" data-widget_type=\"text-editor.default\">\n\t\t\t\t<div class=\"elementor-widget-container\">\n\t\t\t\t\t\t\t\t\t<p><strong>Subvenciones a Asociaciones de Comerciantes y sus Federaciones y Confederaciones y Cooperativas de Detallistas, IND\/47\/2023, de 4 de septiembre<br \/><\/strong><\/p><ul><li><strong>Concedente:<\/strong> Consejer\u00eda de Industria, Empleo, Innovaci\u00f3n y Comercio del Gobierno de Cantabria<\/li><li><strong>Objetivo:<\/strong> Realizaci\u00f3n de actividades de promoci\u00f3n comercial<\/li><li><strong>Plazo de ejecuci\u00f3n:<\/strong> del 1 de julio de 2022 al 15 de julio de 2023<\/li><li><strong>Importe:<\/strong> 14.030,24 \u20ac (75% de la inversi\u00f3n realizada)<\/li><li>No se han recibido otras ayudas para la realizaci\u00f3n de esta actividad<\/li><\/ul>\t\t\t\t\t\t\t\t<\/div>\n\t\t\t\t<\/div>\n\t\t\t\t\t\t<\/div>\r\n\t\t\t\t<\/div>\r\n\t\t\t\t\t\t\t\t<\/div>\r\n\t\t\t<\/section>\r\n\t\t\t\t\t<section class=\" elementor-section elementor-top-section elementor-element elementor-element-9644ecd elementor-section-boxed elementor-section-height-default elementor-section-height-default smart-sticky-default\" data-id=\"9644ecd\" data-element_type=\"section\">\r\n\t\t\t\t\t\t\t\t<div class=\"elementor-container elementor-column-gap-default\">\r\n\t\t\t\t\r\n\t\t\t\t\t\t\t\t<div class=\" elementor-column elementor-col-100 elementor-top-column elementor-element elementor-element-07b1a74 \" data-id=\"07b1a74\" data-element_type=\"column\">\r\n\r\n\t\t\t\t\r\n\t\t\t\t<div class=\"elementor-widget-wrap elementor-element-populated\">\r\n\t\t\t\t\t\t\t\t\t\t\r\n\t\t\t\t\t\t<div class=\"elementor-element elementor-element-02ff4c4 elementor-widget elementor-widget-text-editor\" data-id=\"02ff4c4\" data-element_type=\"widget\" data-widget_type=\"text-editor.default\">\n\t\t\t\t<div class=\"elementor-widget-container\">\n\t\t\t\t\t\t\t\t\t<p><strong>Subvenciones a Asociaciones de Comerciantes y sus Federaciones y Confederaciones y Cooperativas de Detallistas, IND\/34\/2022, de 2 de junio<\/strong><\/p><ul><li><strong>Concedente:<\/strong> Consejer\u00eda de Industria, Turismo, Innovaci\u00f3n, Transporte y Comercio del Gobierno de Cantabria<\/li><li><strong>Objetivo:<\/strong> Realizaci\u00f3n de actividades de animaci\u00f3n comercial<\/li><li><strong>Plazo de ejecuci\u00f3n:<\/strong> del 1 de julio de 2021 al 30 de junio de 2022<\/li><li><strong>Importe:<\/strong> 11.053,13 \u20ac (75% de la inversi\u00f3n realizada)<\/li><li>No se han recibido otras ayudas para la realizaci\u00f3n de esta actividad<\/li><\/ul>\t\t\t\t\t\t\t\t<\/div>\n\t\t\t\t<\/div>\n\t\t\t\t\t\t<\/div>\r\n\t\t\t\t<\/div>\r\n\t\t\t\t\t\t\t\t<\/div>\r\n\t\t\t<\/section>\r\n\t\t\t\t\t<section class=\" elementor-section elementor-top-section elementor-element elementor-element-319c926 elementor-section-boxed elementor-section-height-default elementor-section-height-default smart-sticky-default\" data-id=\"319c926\" data-element_type=\"section\">\r\n\t\t\t\t\t\t\t\t<div class=\"elementor-container elementor-column-gap-default\">\r\n\t\t\t\t\r\n\t\t\t\t\t\t\t\t<div class=\" elementor-column elementor-col-100 elementor-top-column elementor-element elementor-element-d4dd3f9 \" data-id=\"d4dd3f9\" data-element_type=\"column\">\r\n\r\n\t\t\t\t\r\n\t\t\t\t<div class=\"elementor-widget-wrap elementor-element-populated\">\r\n\t\t\t\t\t\t\t\t\t\t\r\n\t\t\t\t\t\t<div class=\"elementor-element elementor-element-9bfb5e8 elementor-widget elementor-widget-heading\" data-id=\"9bfb5e8\" data-element_type=\"widget\" data-widget_type=\"heading.default\">\n\t\t\t\t<div class=\"elementor-widget-container\">\n\t\t\t\t\t<h2 class=\"elementor-heading-title elementor-size-default\">Asociaci\u00f3n Empresarial Medio Cudeyo<\/h2>\t\t\t\t<\/div>\n\t\t\t\t<\/div>\n\t\t\t\t\t\t<\/div>\r\n\t\t\t\t<\/div>\r\n\t\t\t\t\t\t\t\t<\/div>\r\n\t\t\t<\/section>\r\n\t\t\t\t\t<section class=\" elementor-section elementor-top-section elementor-element elementor-element-58ab943 elementor-section-boxed elementor-section-height-default elementor-section-height-default smart-sticky-default\" data-id=\"58ab943\" data-element_type=\"section\">\r\n\t\t\t\t\t\t\t\t<div class=\"elementor-container elementor-column-gap-default\">\r\n\t\t\t\t\r\n\t\t\t\t\t\t\t\t<div class=\" elementor-column elementor-col-100 elementor-top-column elementor-element elementor-element-d8e3f1f \" data-id=\"d8e3f1f\" data-element_type=\"column\">\r\n\r\n\t\t\t\t\r\n\t\t\t\t<div class=\"elementor-widget-wrap elementor-element-populated\">\r\n\t\t\t\t\t\t\t\t\t\t\r\n\t\t\t\t\t\t<div class=\"elementor-element elementor-element-fa9d0ba elementor-widget elementor-widget-heading\" data-id=\"fa9d0ba\" data-element_type=\"widget\" data-widget_type=\"heading.default\">\n\t\t\t\t<div class=\"elementor-widget-container\">\n\t\t\t\t\t<h3 class=\"elementor-heading-title elementor-size-default\">Ayudas y subvenciones<\/h3>\t\t\t\t<\/div>\n\t\t\t\t<\/div>\n\t\t\t\t\t\t<\/div>\r\n\t\t\t\t<\/div>\r\n\t\t\t\t\t\t\t\t<\/div>\r\n\t\t\t<\/section>\r\n\t\t\t\t\t<section class=\" elementor-section elementor-top-section elementor-element elementor-element-8c26a49 elementor-section-boxed elementor-section-height-default elementor-section-height-default smart-sticky-default\" data-id=\"8c26a49\" data-element_type=\"section\">\r\n\t\t\t\t\t\t\t\t<div class=\"elementor-container elementor-column-gap-default\">\r\n\t\t\t\t\r\n\t\t\t\t\t\t\t\t<div class=\" elementor-column elementor-col-100 elementor-top-column elementor-element elementor-element-64223ba \" data-id=\"64223ba\" data-element_type=\"column\">\r\n\r\n\t\t\t\t\r\n\t\t\t\t<div class=\"elementor-widget-wrap elementor-element-populated\">\r\n\t\t\t\t\t\t\t\t\t\t\r\n\t\t\t\t\t\t<div class=\"elementor-element elementor-element-4888589 elementor-widget elementor-widget-text-editor\" data-id=\"4888589\" data-element_type=\"widget\" data-widget_type=\"text-editor.default\">\n\t\t\t\t<div class=\"elementor-widget-container\">\n\t\t\t\t\t\t\t\t\t<p><strong>Subvenciones a Asociaciones de Comerciantes y sus Federaciones y Confederaciones y Cooperativas de Detallistas, IND\/34\/2022, de 2 de junio<\/strong><\/p><ul><li><strong>Concedente:<\/strong> Consejer\u00eda de Industria, Turismo, Innovaci\u00f3n, Transporte y Comercio del Gobierno de Cantabria<\/li><li><strong>Objetivo:<\/strong> Realizaci\u00f3n de actividades de animaci\u00f3n comercial<\/li><li><strong>Plazo de ejecuci\u00f3n:<\/strong> del 1 de julio de 2021 al 30 de junio de 2022<\/li><li><strong>Importe:<\/strong> 1.978,7 \u20ac (75% de la inversi\u00f3n realizada)<\/li><li>No se han recibido otras ayudas para la realizaci\u00f3n de esta actividad<\/li><\/ul>\t\t\t\t\t\t\t\t<\/div>\n\t\t\t\t<\/div>\n\t\t\t\t\t\t<\/div>\r\n\t\t\t\t<\/div>\r\n\t\t\t\t\t\t\t\t<\/div>\r\n\t\t\t<\/section>\r\n\t\t\t\t\t<section class=\" elementor-section elementor-top-section elementor-element elementor-element-6e1ac88 elementor-section-boxed elementor-section-height-default elementor-section-height-default smart-sticky-default\" data-id=\"6e1ac88\" data-element_type=\"section\">\r\n\t\t\t\t\t\t\t\t<div class=\"elementor-container elementor-column-gap-default\">\r\n\t\t\t\t\r\n\t\t\t\t\t\t\t\t<div class=\" elementor-column elementor-col-100 elementor-top-column elementor-element elementor-element-bfd4a1c \" data-id=\"bfd4a1c\" data-element_type=\"column\">\r\n\r\n\t\t\t\t\r\n\t\t\t\t<div class=\"elementor-widget-wrap elementor-element-populated\">\r\n\t\t\t\t\t\t\t\t\t\t\r\n\t\t\t\t\t\t<div class=\"elementor-element elementor-element-ee6f75c elementor-widget elementor-widget-heading\" data-id=\"ee6f75c\" data-element_type=\"widget\" data-widget_type=\"heading.default\">\n\t\t\t\t<div class=\"elementor-widget-container\">\n\t\t\t\t\t<h2 class=\"elementor-heading-title elementor-size-default\">Asociaci\u00f3n de Comerciantes de Nueva Ciudad<\/h2>\t\t\t\t<\/div>\n\t\t\t\t<\/div>\n\t\t\t\t\t\t<\/div>\r\n\t\t\t\t<\/div>\r\n\t\t\t\t\t\t\t\t<\/div>\r\n\t\t\t<\/section>\r\n\t\t\t\t\t<section class=\" elementor-section elementor-top-section elementor-element elementor-element-f3a6e20 elementor-section-boxed elementor-section-height-default elementor-section-height-default smart-sticky-default\" data-id=\"f3a6e20\" data-element_type=\"section\">\r\n\t\t\t\t\t\t\t\t<div class=\"elementor-container elementor-column-gap-default\">\r\n\t\t\t\t\r\n\t\t\t\t\t\t\t\t<div class=\" elementor-column elementor-col-100 elementor-top-column elementor-element elementor-element-9e98581 \" data-id=\"9e98581\" data-element_type=\"column\">\r\n\r\n\t\t\t\t\r\n\t\t\t\t<div class=\"elementor-widget-wrap elementor-element-populated\">\r\n\t\t\t\t\t\t\t\t\t\t\r\n\t\t\t\t\t\t<div class=\"elementor-element elementor-element-2c7dce8 elementor-widget elementor-widget-heading\" data-id=\"2c7dce8\" data-element_type=\"widget\" data-widget_type=\"heading.default\">\n\t\t\t\t<div class=\"elementor-widget-container\">\n\t\t\t\t\t<h3 class=\"elementor-heading-title elementor-size-default\">Ayudas y subvenciones<\/h3>\t\t\t\t<\/div>\n\t\t\t\t<\/div>\n\t\t\t\t\t\t<\/div>\r\n\t\t\t\t<\/div>\r\n\t\t\t\t\t\t\t\t<\/div>\r\n\t\t\t<\/section>\r\n\t\t\t\t\t<section class=\" elementor-section elementor-top-section elementor-element elementor-element-d5e4200 elementor-section-boxed elementor-section-height-default elementor-section-height-default smart-sticky-default\" data-id=\"d5e4200\" data-element_type=\"section\">\r\n\t\t\t\t\t\t\t\t<div class=\"elementor-container elementor-column-gap-default\">\r\n\t\t\t\t\r\n\t\t\t\t\t\t\t\t<div class=\" elementor-column elementor-col-100 elementor-top-column elementor-element elementor-element-046696d \" data-id=\"046696d\" data-element_type=\"column\">\r\n\r\n\t\t\t\t\r\n\t\t\t\t<div class=\"elementor-widget-wrap elementor-element-populated\">\r\n\t\t\t\t\t\t\t\t\t\t\r\n\t\t\t\t\t\t<div class=\"elementor-element elementor-element-307ab09 elementor-widget elementor-widget-text-editor\" data-id=\"307ab09\" data-element_type=\"widget\" data-widget_type=\"text-editor.default\">\n\t\t\t\t<div class=\"elementor-widget-container\">\n\t\t\t\t\t\t\t\t\t<p><strong>Subvenciones a Asociaciones de Comerciantes y sus Federaciones y Confederaciones y Cooperativas de Detallistas, IND\/52\/2024, de 27 de septiembre<br \/><\/strong><\/p><ul><li><strong>Concedente:<\/strong> Consejer\u00eda de Industria, Empleo, Innovaci\u00f3n y Comercio del Gobierno de Cantabria<\/li><li><strong>Objetivo:<\/strong> Realizaci\u00f3n de actividades de promoci\u00f3n comercial<\/li><li><strong>Plazo de ejecuci\u00f3n:<\/strong> del 6 de octubre de 2023 al 15 de julio de 2024<\/li><li><strong>Importe:<\/strong> 2.804,75 \u20ac (75% de la inversi\u00f3n realizada)<\/li><li>No se han recibido otras ayudas para la realizaci\u00f3n de esta actividad<\/li><\/ul>\t\t\t\t\t\t\t\t<\/div>\n\t\t\t\t<\/div>\n\t\t\t\t\t\t<\/div>\r\n\t\t\t\t<\/div>\r\n\t\t\t\t\t\t\t\t<\/div>\r\n\t\t\t<\/section>\r\n\t\t\t\t\t<section class=\" elementor-section elementor-top-section elementor-element elementor-element-1ce0fdf elementor-section-boxed elementor-section-height-default elementor-section-height-default smart-sticky-default\" data-id=\"1ce0fdf\" data-element_type=\"section\">\r\n\t\t\t\t\t\t\t\t<div class=\"elementor-container elementor-column-gap-default\">\r\n\t\t\t\t\r\n\t\t\t\t\t\t\t\t<div class=\" elementor-column elementor-col-100 elementor-top-column elementor-element elementor-element-91c0a2e \" data-id=\"91c0a2e\" data-element_type=\"column\">\r\n\r\n\t\t\t\t\r\n\t\t\t\t<div class=\"elementor-widget-wrap elementor-element-populated\">\r\n\t\t\t\t\t\t\t\t\t\t\r\n\t\t\t\t\t\t<div class=\"elementor-element elementor-element-734b459 elementor-widget elementor-widget-text-editor\" data-id=\"734b459\" data-element_type=\"widget\" data-widget_type=\"text-editor.default\">\n\t\t\t\t<div class=\"elementor-widget-container\">\n\t\t\t\t\t\t\t\t\t<p><strong>Subvenciones a Asociaciones de Comerciantes y sus Federaciones y Confederaciones y Cooperativas de Detallistas, IND\/11<\/strong><strong>\/2024, de 19 de febrero<br \/><\/strong><\/p><ul><li><strong>Concedente:<\/strong> Consejer\u00eda de Industria, Empleo, Innovaci\u00f3n y Comercio del Gobierno de Cantabria<\/li><li><strong>Objetivo:<\/strong> Financiaci\u00f3n de gastos corrientes<\/li><li><strong>Plazo de ejecuci\u00f3n:<\/strong> del 16 de marzo de 2023 al 30 de abril de 2024<\/li><li><strong>Importe:<\/strong> 248,88 \u20ac (100% de la inversi\u00f3n realizada)<\/li><li>No se han recibido otras ayudas para la realizaci\u00f3n de esta actividad<\/li><\/ul>\t\t\t\t\t\t\t\t<\/div>\n\t\t\t\t<\/div>\n\t\t\t\t\t\t<\/div>\r\n\t\t\t\t<\/div>\r\n\t\t\t\t\t\t\t\t<\/div>\r\n\t\t\t<\/section>\r\n\t\t\t\t\t<section class=\" elementor-section elementor-top-section elementor-element elementor-element-6acd553 elementor-section-boxed elementor-section-height-default elementor-section-height-default smart-sticky-default\" data-id=\"6acd553\" data-element_type=\"section\">\r\n\t\t\t\t\t\t\t\t<div class=\"elementor-container elementor-column-gap-default\">\r\n\t\t\t\t\r\n\t\t\t\t\t\t\t\t<div class=\" elementor-column elementor-col-100 elementor-top-column elementor-element elementor-element-5b2f4e0 \" data-id=\"5b2f4e0\" data-element_type=\"column\">\r\n\r\n\t\t\t\t\r\n\t\t\t\t<div class=\"elementor-widget-wrap elementor-element-populated\">\r\n\t\t\t\t\t\t\t\t\t\t\r\n\t\t\t\t\t\t<div class=\"elementor-element elementor-element-841698a elementor-widget elementor-widget-text-editor\" data-id=\"841698a\" data-element_type=\"widget\" data-widget_type=\"text-editor.default\">\n\t\t\t\t<div class=\"elementor-widget-container\">\n\t\t\t\t\t\t\t\t\t<p><strong>Subvenciones a Asociaciones de Comerciantes y sus Federaciones y Confederaciones y Cooperativas de Detallistas, IND\/47\/2023, de 4 de septiembre<br \/><\/strong><\/p><ul><li><strong>Concedente:<\/strong> Consejer\u00eda de Industria, Empleo, Innovaci\u00f3n y Comercio del Gobierno de Cantabria<\/li><li><strong>Objetivo:<\/strong> Realizaci\u00f3n de actividades de promoci\u00f3n comercial<\/li><li><strong>Plazo de ejecuci\u00f3n:<\/strong> del 1 de julio de 2022 al 15 de julio de 2023<\/li><li><strong>Importe:<\/strong> 5.238,23 \u20ac (75% de la inversi\u00f3n realizada)<\/li><li>No se han recibido otras ayudas para la realizaci\u00f3n de esta actividad<\/li><\/ul>\t\t\t\t\t\t\t\t<\/div>\n\t\t\t\t<\/div>\n\t\t\t\t\t\t<\/div>\r\n\t\t\t\t<\/div>\r\n\t\t\t\t\t\t\t\t<\/div>\r\n\t\t\t<\/section>\r\n\t\t\t\t\t<section class=\" elementor-section elementor-top-section elementor-element elementor-element-651b46e elementor-section-boxed elementor-section-height-default elementor-section-height-default smart-sticky-default\" data-id=\"651b46e\" data-element_type=\"section\">\r\n\t\t\t\t\t\t\t\t<div class=\"elementor-container elementor-column-gap-default\">\r\n\t\t\t\t\r\n\t\t\t\t\t\t\t\t<div class=\" elementor-column elementor-col-100 elementor-top-column elementor-element elementor-element-ab289df \" data-id=\"ab289df\" data-element_type=\"column\">\r\n\r\n\t\t\t\t\r\n\t\t\t\t<div class=\"elementor-widget-wrap elementor-element-populated\">\r\n\t\t\t\t\t\t\t\t\t\t\r\n\t\t\t\t\t\t<div class=\"elementor-element elementor-element-9240e23 elementor-widget elementor-widget-text-editor\" data-id=\"9240e23\" data-element_type=\"widget\" data-widget_type=\"text-editor.default\">\n\t\t\t\t<div class=\"elementor-widget-container\">\n\t\t\t\t\t\t\t\t\t<p><strong>Subvenciones a Asociaciones de Comerciantes y sus Federaciones y Confederaciones y Cooperativas de Detallistas, IND\/34\/2022, de 2 de junio<\/strong><\/p><ul><li><strong>Concedente:<\/strong> Consejer\u00eda de Industria, Turismo, Innovaci\u00f3n, Transporte y Comercio del Gobierno de Cantabria<\/li><li><strong>Objetivo:<\/strong> Realizaci\u00f3n de actividades de animaci\u00f3n comercial<\/li><li><strong>Plazo de ejecuci\u00f3n:<\/strong> del 1 de julio de 2021 al 30 de junio de 2022<\/li><li><strong>Importe:<\/strong> 3.738,23 \u20ac (75% de la inversi\u00f3n realizada)<\/li><li>No se han recibido otras ayudas para la realizaci\u00f3n de esta actividad<\/li><\/ul>\t\t\t\t\t\t\t\t<\/div>\n\t\t\t\t<\/div>\n\t\t\t\t\t\t<\/div>\r\n\t\t\t\t<\/div>\r\n\t\t\t\t\t\t\t\t<\/div>\r\n\t\t\t<\/section>\r\n\t\t\t\t\t<section class=\" elementor-section elementor-top-section elementor-element elementor-element-dd9854e elementor-section-boxed elementor-section-height-default elementor-section-height-default smart-sticky-default\" data-id=\"dd9854e\" data-element_type=\"section\">\r\n\t\t\t\t\t\t\t\t<div class=\"elementor-container elementor-column-gap-default\">\r\n\t\t\t\t\r\n\t\t\t\t\t\t\t\t<div class=\" elementor-column elementor-col-100 elementor-top-column elementor-element elementor-element-13d5912 \" data-id=\"13d5912\" data-element_type=\"column\">\r\n\r\n\t\t\t\t\r\n\t\t\t\t<div class=\"elementor-widget-wrap elementor-element-populated\">\r\n\t\t\t\t\t\t\t\t\t\t\r\n\t\t\t\t\t\t<div class=\"elementor-element elementor-element-bd4ee62 elementor-widget elementor-widget-text-editor\" data-id=\"bd4ee62\" data-element_type=\"widget\" data-widget_type=\"text-editor.default\">\n\t\t\t\t<div class=\"elementor-widget-container\">\n\t\t\t\t\t\t\t\t\t<p><strong>Subvenciones a Asociaciones de Comerciantes y sus Federaciones y Confederaciones y Cooperativas de Detallistas, IND\/10\/2023, de 10 de febrero<\/strong><\/p><ul><li><strong>Concedente:<\/strong> Consejer\u00eda de Industria, Turismo, Innovaci\u00f3n, Transporte y Comercio del Gobierno de Cantabria<\/li><li><strong>Objetivo:<\/strong> Financiaci\u00f3n de gastos corrientes<\/li><li><strong>Plazo de ejecuci\u00f3n:<\/strong> del 25 de octubre de 2022 al 15 de marzo de 2023<\/li><li><strong>Importe:<\/strong> 120,66 \u20ac (100% de la inversi\u00f3n realizada)<\/li><li>No se han recibido otras ayudas para la realizaci\u00f3n de esta actividad<\/li><\/ul>\t\t\t\t\t\t\t\t<\/div>\n\t\t\t\t<\/div>\n\t\t\t\t\t\t<\/div>\r\n\t\t\t\t<\/div>\r\n\t\t\t\t\t\t\t\t<\/div>\r\n\t\t\t<\/section>\r\n\t\t\t\t\t<\/div>\n\t\t","protected":false},"excerpt":{"rendered":"<p>Federaci\u00f3n del Comercio de Cantabria &#8211; COERCAN Estructura Organizativa Documento de no remuneraci\u00f3n de cargos directivos (PDF) &#8211; Descarga Ayudas y subvenciones Subvenciones para la realizaci\u00f3n de actividades en el \u00e1mbito de la prevenci\u00f3n de riesgos laborales, IND\/27\/2025, de 12 de junio Concedente: Consejer\u00eda de Industria, Empleo, Innovaci\u00f3n y Comercio del Gobierno de Cantabria Objetivo: [&hellip;]<\/p>\n","protected":false},"author":2,"featured_media":0,"parent":0,"menu_order":0,"comment_status":"closed","ping_status":"closed","template":"","meta":{"_acf_changed":false,"_monsterinsights_skip_tracking":false,"_monsterinsights_sitenote_active":false,"_monsterinsights_sitenote_note":"","_monsterinsights_sitenote_category":0,"footnotes":""},"class_list":["post-3237","page","type-page","status-publish","hentry"],"acf":[],"_links":{"self":[{"href":"https:\/\/coercan.net\/index.php?rest_route=\/wp\/v2\/pages\/3237","targetHints":{"allow":["GET"]}}],"collection":[{"href":"https:\/\/coercan.net\/index.php?rest_route=\/wp\/v2\/pages"}],"about":[{"href":"https:\/\/coercan.net\/index.php?rest_route=\/wp\/v2\/types\/page"}],"author":[{"embeddable":true,"href":"https:\/\/coercan.net\/index.php?rest_route=\/wp\/v2\/users\/2"}],"replies":[{"embeddable":true,"href":"https:\/\/coercan.net\/index.php?rest_route=%2Fwp%2Fv2%2Fcomments&post=3237"}],"version-history":[{"count":52,"href":"https:\/\/coercan.net\/index.php?rest_route=\/wp\/v2\/pages\/3237\/revisions"}],"predecessor-version":[{"id":3973,"href":"https:\/\/coercan.net\/index.php?rest_route=\/wp\/v2\/pages\/3237\/revisions\/3973"}],"wp:attachment":[{"href":"https:\/\/coercan.net\/index.php?rest_route=%2Fwp%2Fv2%2Fmedia&parent=3237"}],"curies":[{"name":"wp","href":"https:\/\/api.w.org\/{rel}","templated":true}]}}