{"id":78,"date":"2016-06-23T16:20:00","date_gmt":"2016-06-23T16:20:00","guid":{"rendered":"http:\/\/localhost:90\/blog\/?page_id=78"},"modified":"2026-02-25T13:24:49","modified_gmt":"2026-02-25T12:24:49","slug":"asociaciones-integradas-en-coercan","status":"publish","type":"page","link":"https:\/\/coercan.net\/?page_id=78","title":{"rendered":"Asociaciones integradas en COERCAN"},"content":{"rendered":"\t\t<div data-elementor-type=\"wp-page\" data-elementor-id=\"78\" class=\"elementor elementor-78\">\n\t\t\t\t\t\t<section class=\" elementor-section elementor-top-section elementor-element elementor-element-178f4ef5 elementor-section-boxed elementor-section-height-default elementor-section-height-default smart-sticky-default\" data-id=\"178f4ef5\" data-element_type=\"section\">\r\n\t\t\t\t\t\t\t\t<div class=\"elementor-container elementor-column-gap-default\">\r\n\t\t\t\t\r\n\t\t\t\t\t\t\t\t<div class=\" elementor-column elementor-col-100 elementor-top-column elementor-element elementor-element-44008216 \" data-id=\"44008216\" data-element_type=\"column\">\r\n\r\n\t\t\t\t\r\n\t\t\t\t<div class=\"elementor-widget-wrap elementor-element-populated\">\r\n\t\t\t\t\t\t\t\t\t\t\r\n\t\t\t\t\t\t<div class=\"elementor-element elementor-element-153cdae elementor-widget elementor-widget-heading\" data-id=\"153cdae\" data-element_type=\"widget\" data-widget_type=\"heading.default\">\n\t\t\t\t<div class=\"elementor-widget-container\">\n\t\t\t\t\t<h2 class=\"elementor-heading-title elementor-size-default\">Asociaciones integradas en COERCAN<\/h2>\t\t\t\t<\/div>\n\t\t\t\t<\/div>\n\t\t\t\t<div class=\"elementor-element elementor-element-deb7562 elementor-widget elementor-widget-spacer\" data-id=\"deb7562\" data-element_type=\"widget\" data-widget_type=\"spacer.default\">\n\t\t\t\t<div class=\"elementor-widget-container\">\n\t\t\t\t\t\t\t<div class=\"elementor-spacer\">\n\t\t\t<div class=\"elementor-spacer-inner\"><\/div>\n\t\t<\/div>\n\t\t\t\t\t\t<\/div>\n\t\t\t\t<\/div>\n\t\t\t\t<div class=\"elementor-element elementor-element-f0b0afd elementor-widget elementor-widget-text-editor\" data-id=\"f0b0afd\" data-element_type=\"widget\" data-widget_type=\"text-editor.default\">\n\t\t\t\t<div class=\"elementor-widget-container\">\n\t\t\t\t\t\t\t\t\t<ul><li>ACEAS: Asociaci\u00f3n de Comerciantes, Empresarios y Aut\u00f3nomos de Santander<\/li><li>COMVEGA: Asociaci\u00f3n de Comerciantes de Torrelavega<\/li><li>ANCERA Cantabria: Asociaci\u00f3n del Recambio Libre en Cantabria<\/li><li>ACEF: Asociaci\u00f3n C\u00e1ntabra de Empresarios Floristas<\/li><li>Asociaci\u00f3n C\u00e1ntabra Imagen Personal<\/li><li>Asociaci\u00f3n de Comerciantes y Empresarios del Valle de Buelna<\/li><li>ARPA: Asociaci\u00f3n C\u00e1ntabra de Repintado del Autom\u00f3vil<\/li><li>ACES: Asociaci\u00f3n de Comerciantes y Empresarios de Santo\u00f1a<\/li><li>APYMECO: Asociaci\u00f3n de la Peque\u00f1a y Mediana Empresa de Colindres<\/li><li>Asociaci\u00f3n de Empresarios de la Alameda de Santander<\/li><li>AECAR Cantabria: Asociaci\u00f3n de Empresarios de la Carrocer\u00eda en Cantabria<\/li><li>ACEDROPEME: Asociaci\u00f3n C\u00e1ntabra de Empresarios de Droguer\u00eda, Perfumer\u00eda y Mercer\u00eda<\/li><li>ACODA: Asociaci\u00f3n de Comerciantes Detallistas de Alimentaci\u00f3n<\/li><li>COHISAN: Asociaci\u00f3n de Comerciantes del Casco Hist\u00f3rico de Santander<\/li><li>Asociaci\u00f3n Empresarial y de Comercio de Medio Cudeyo<\/li><li>ACOMETAL-COERCAN: Asociaci\u00f3n de Empresarios del Comercio y Reparaci\u00f3n del Metal<\/li><li>ACC: Asociaci\u00f3n C\u00e1ntabra de Cerrajeros<\/li><li>ACOTEX Cantabria: Asociaci\u00f3n C\u00e1ntabra del Comercio Textil<\/li><li>ACOMUEBLE: Asociaci\u00f3n de Empresarios del Comercio del Mueble en Cantabria<\/li><li>COASEL: Asociaci\u00f3n de Comerciantes y Empresarios de Selaya<\/li><li>LAC: Libreros Asociados de Cantabria<\/li><li>AJ: Agrupaci\u00f3n Profesional de Joyeros, Relojeros, Orfebres y Gem\u00f3logos de Cantabria<\/li><li>ACOPIEL COERCAN: Asociaci\u00f3n de Comerciantes de Productos de Piel en Cantabria<\/li><li>ACEN: Asociaci\u00f3n de Comerciantes y Empresarios de Noja<\/li><li>Asociaci\u00f3n de Comerciantes de las Calles Alonso y Floranes<\/li><li>Asociaci\u00f3n de Comerciantes de Nueva Ciudad<\/li><li>Asociaci\u00f3n\u00a0de Agencias de Viaje y Operadores de Turismo de Cantabria &#8211; AAVOT<\/li><li>AJAC: Asociaci\u00f3n de Jardineros de Cantabria<\/li><li>Asociaci\u00f3n de Comerciantes del Mercado de M\u00e9xico<\/li><li>ACER: Asociaci\u00f3n de Comerciantes y Empresarios de Reinosa<\/li><li>ACOTASA: Asociaci\u00f3n de Comerciantes Tasadores<\/li><li>ACEC: Asociaci\u00f3n de Comerciantes de Electrodom\u00e9sticos de Cantabria<\/li><li>Asociaci\u00f3n Cultural Cantabria Danza<\/li><li>ACCE: Asociaci\u00f3n C\u00e1ntabra de Comercio Electr\u00f3nico<\/li><li>ACAG: Asociaci\u00f3n Comercio Astillero Guarnizo<\/li><li>AECOM: Asociaci\u00f3n Empresarios y Comerciantes Meruelo<\/li><li>VILLASAL: <span class=\"x193iq5w xeuugli x13faqbe x1vvkbs x1xmvt09 x1lliihq x1s928wv xhkezso x1gmr53x x1cpjm7i x1fgarty x1943h6x xudqn12 x3x7a5m x6prxxf xvq8zen xo1l8bm xzsf02u x1yc453h\" dir=\"auto\">Asociaci\u00f3n de Comerciantes y Profesionales de Cabez\u00f3n de la Sal<\/span><\/li><\/ul>\t\t\t\t\t\t\t\t<\/div>\n\t\t\t\t<\/div>\n\t\t\t\t\t\t<\/div>\r\n\t\t\t\t<\/div>\r\n\t\t\t\t\t\t\t\t<\/div>\r\n\t\t\t<\/section>\r\n\t\t\t\t\t<\/div>\n\t\t","protected":false},"excerpt":{"rendered":"<p>Asociaciones integradas en COERCAN ACEAS: Asociaci\u00f3n de Comerciantes, Empresarios y Aut\u00f3nomos de Santander COMVEGA: Asociaci\u00f3n de Comerciantes de Torrelavega ANCERA Cantabria: Asociaci\u00f3n del Recambio Libre en Cantabria ACEF: Asociaci\u00f3n C\u00e1ntabra de Empresarios Floristas Asociaci\u00f3n C\u00e1ntabra Imagen Personal Asociaci\u00f3n de Comerciantes y Empresarios del Valle de Buelna ARPA: Asociaci\u00f3n C\u00e1ntabra de Repintado del Autom\u00f3vil ACES: Asociaci\u00f3n [&hellip;]<\/p>\n","protected":false},"author":2,"featured_media":0,"parent":0,"menu_order":0,"comment_status":"closed","ping_status":"closed","template":"","meta":{"_acf_changed":false,"_monsterinsights_skip_tracking":false,"_monsterinsights_sitenote_active":false,"_monsterinsights_sitenote_note":"","_monsterinsights_sitenote_category":0,"footnotes":""},"class_list":["post-78","page","type-page","status-publish","hentry"],"acf":[],"_links":{"self":[{"href":"https:\/\/coercan.net\/index.php?rest_route=\/wp\/v2\/pages\/78","targetHints":{"allow":["GET"]}}],"collection":[{"href":"https:\/\/coercan.net\/index.php?rest_route=\/wp\/v2\/pages"}],"about":[{"href":"https:\/\/coercan.net\/index.php?rest_route=\/wp\/v2\/types\/page"}],"author":[{"embeddable":true,"href":"https:\/\/coercan.net\/index.php?rest_route=\/wp\/v2\/users\/2"}],"replies":[{"embeddable":true,"href":"https:\/\/coercan.net\/index.php?rest_route=%2Fwp%2Fv2%2Fcomments&post=78"}],"version-history":[{"count":23,"href":"https:\/\/coercan.net\/index.php?rest_route=\/wp\/v2\/pages\/78\/revisions"}],"predecessor-version":[{"id":3981,"href":"https:\/\/coercan.net\/index.php?rest_route=\/wp\/v2\/pages\/78\/revisions\/3981"}],"wp:attachment":[{"href":"https:\/\/coercan.net\/index.php?rest_route=%2Fwp%2Fv2%2Fmedia&parent=78"}],"curies":[{"name":"wp","href":"https:\/\/api.w.org\/{rel}","templated":true}]}}